{"id":58,"date":"2026-02-16T16:54:55","date_gmt":"2026-02-16T15:54:55","guid":{"rendered":"http:\/\/graindesablestudio.local\/?page_id=58"},"modified":"2026-04-14T17:12:46","modified_gmt":"2026-04-14T15:12:46","slug":"qui-suis-je","status":"publish","type":"page","link":"https:\/\/graindesablestudio.fr\/?page_id=58","title":{"rendered":"Le studio"},"content":{"rendered":"\t\t<div data-elementor-type=\"wp-page\" data-elementor-id=\"58\" class=\"elementor elementor-58\">\n\t\t\t\t<div class=\"elementor-element elementor-element-78c980d e-flex e-con-boxed e-con e-parent\" data-id=\"78c980d\" data-element_type=\"container\" data-e-type=\"container\" data-settings=\"{&quot;background_background&quot;:&quot;classic&quot;}\">\n\t\t\t\t\t<div class=\"e-con-inner\">\n\t\t\t\t<div class=\"elementor-element elementor-element-b5302dd elementor-widget elementor-widget-text-editor\" data-id=\"b5302dd\" data-element_type=\"widget\" data-e-type=\"widget\" data-widget_type=\"text-editor.default\">\n\t\t\t\t\t\t\t\t\t<h2>Une signature n\u00e9e <br \/>au <strong>rythme des mar\u00e9es.<\/strong><\/h2>\t\t\t\t\t\t\t\t<\/div>\n\t\t\t\t\t<\/div>\n\t\t\t\t<\/div>\n\t\t<div class=\"elementor-element elementor-element-5ad07fa e-flex e-con-boxed e-con e-parent\" data-id=\"5ad07fa\" data-element_type=\"container\" data-e-type=\"container\" data-settings=\"{&quot;background_background&quot;:&quot;classic&quot;}\">\n\t\t\t\t\t<div class=\"e-con-inner\">\n\t\t<div class=\"elementor-element elementor-element-b9dd7ef e-con-full e-flex e-con e-child\" data-id=\"b9dd7ef\" data-element_type=\"container\" data-e-type=\"container\" data-settings=\"{&quot;background_background&quot;:&quot;classic&quot;}\">\n\t\t\t\t<\/div>\n\t\t<div class=\"elementor-element elementor-element-8af621d e-grid e-con-full e-con e-child\" data-id=\"8af621d\" data-element_type=\"container\" data-e-type=\"container\">\n\t\t\t\t<div class=\"elementor-element elementor-element-8fafe9e elementor-widget elementor-widget-text-editor\" data-id=\"8fafe9e\" data-element_type=\"widget\" data-e-type=\"widget\" data-widget_type=\"text-editor.default\">\n\t\t\t\t\t\t\t\t\t<h2><strong>J&rsquo;accompagne les marques<\/strong> dans la cr\u00e9ation d\u2019univers visuels <strong>sensibles, coh\u00e9rents et durables.<\/strong><\/h2><p>Grain de sable est avant tout un studio graphique o\u00f9 pr\u00e9cision et inspiration naturelle se rencontrent pour donner naissance \u00e0 des identit\u00e9s authentiques, \u00e9l\u00e9gantes et profond\u00e9ment incarn\u00e9es.<\/p><p>J\u2019accompagne les entreprises, lieux et projets qui souhaitent affirmer leur image avec sens, gr\u00e2ce \u00e0 des identit\u00e9s visuelles sur mesure, pens\u00e9es pour \u00e9voluer dans le temps.<\/p>\t\t\t\t\t\t\t\t<\/div>\n\t\t<div class=\"elementor-element elementor-element-0782b62 e-con-full e-flex e-con e-child\" data-id=\"0782b62\" data-element_type=\"container\" data-e-type=\"container\">\n\t\t\t\t<div class=\"elementor-element elementor-element-709adc6 elementor-invisible elementor-widget elementor-widget-image\" data-id=\"709adc6\" data-element_type=\"widget\" data-e-type=\"widget\" data-settings=\"{&quot;_animation&quot;:&quot;fadeIn&quot;}\" data-widget_type=\"image.default\">\n\t\t\t\t\t\t\t\t\t\t\t\t\t\t\t<img fetchpriority=\"high\" decoding=\"async\" width=\"683\" height=\"1024\" src=\"https:\/\/graindesablestudio.fr\/wp-content\/uploads\/2026\/02\/portrait-oceane-par-ulrike-photographe-vannes-morbihan-3-copie-683x1024.webp\" class=\"attachment-large size-large wp-image-671\" alt=\"\" srcset=\"https:\/\/graindesablestudio.fr\/wp-content\/uploads\/2026\/02\/portrait-oceane-par-ulrike-photographe-vannes-morbihan-3-copie-683x1024.webp 683w, https:\/\/graindesablestudio.fr\/wp-content\/uploads\/2026\/02\/portrait-oceane-par-ulrike-photographe-vannes-morbihan-3-copie-200x300.webp 200w, https:\/\/graindesablestudio.fr\/wp-content\/uploads\/2026\/02\/portrait-oceane-par-ulrike-photographe-vannes-morbihan-3-copie-768x1152.webp 768w, https:\/\/graindesablestudio.fr\/wp-content\/uploads\/2026\/02\/portrait-oceane-par-ulrike-photographe-vannes-morbihan-3-copie-1024x1536.webp 1024w, https:\/\/graindesablestudio.fr\/wp-content\/uploads\/2026\/02\/portrait-oceane-par-ulrike-photographe-vannes-morbihan-3-copie-1365x2048.webp 1365w, https:\/\/graindesablestudio.fr\/wp-content\/uploads\/2026\/02\/portrait-oceane-par-ulrike-photographe-vannes-morbihan-3-copie-scaled.webp 1707w\" sizes=\"(max-width: 683px) 100vw, 683px\" \/>\t\t\t\t\t\t\t\t\t\t\t\t\t\t\t<\/div>\n\t\t\t\t<\/div>\n\t\t\t\t<\/div>\n\t\t<div class=\"elementor-element elementor-element-ddd894a e-con-full e-flex e-con e-child\" data-id=\"ddd894a\" data-element_type=\"container\" data-e-type=\"container\" data-settings=\"{&quot;background_background&quot;:&quot;classic&quot;}\">\n\t\t\t\t<\/div>\n\t\t\t\t\t<\/div>\n\t\t\t\t<\/div>\n\t\t<div class=\"elementor-element elementor-element-1131a7b e-flex e-con-boxed e-con e-parent\" data-id=\"1131a7b\" data-element_type=\"container\" data-e-type=\"container\" data-settings=\"{&quot;background_background&quot;:&quot;classic&quot;}\">\n\t\t\t\t\t<div class=\"e-con-inner\">\n\t\t<div class=\"elementor-element elementor-element-b5f49bf e-con-full e-flex e-con e-child\" data-id=\"b5f49bf\" data-element_type=\"container\" data-e-type=\"container\" data-settings=\"{&quot;background_background&quot;:&quot;classic&quot;}\">\n\t\t\t\t<div class=\"elementor-element elementor-element-d2d2c40 elementor-widget elementor-widget-text-editor\" data-id=\"d2d2c40\" data-element_type=\"widget\" data-e-type=\"widget\" data-widget_type=\"text-editor.default\">\n\t\t\t\t\t\t\t\t\t<p>Parce que ce sont souvent les plus petits \u00e9l\u00e9ments comme un grain de sable qui donnent toute sa force \u00e0 un ensemble.<\/p>\t\t\t\t\t\t\t\t<\/div>\n\t\t\t\t<\/div>\n\t\t\t\t\t<\/div>\n\t\t\t\t<\/div>\n\t\t<div class=\"elementor-element elementor-element-cac8110 e-flex e-con-boxed e-con e-parent\" data-id=\"cac8110\" data-element_type=\"container\" data-e-type=\"container\" data-settings=\"{&quot;background_background&quot;:&quot;classic&quot;}\">\n\t\t\t\t\t<div class=\"e-con-inner\">\n\t\t<div class=\"elementor-element elementor-element-f6d0337 e-con-full e-flex e-con e-child\" data-id=\"f6d0337\" data-element_type=\"container\" data-e-type=\"container\" data-settings=\"{&quot;background_background&quot;:&quot;classic&quot;}\">\n\t\t\t\t<\/div>\n\t\t<div class=\"elementor-element elementor-element-7d0bacf e-grid e-con-full e-con e-child\" data-id=\"7d0bacf\" data-element_type=\"container\" data-e-type=\"container\">\n\t\t<div class=\"elementor-element elementor-element-e23ba55 e-con-full e-flex e-con e-child\" data-id=\"e23ba55\" data-element_type=\"container\" data-e-type=\"container\" data-settings=\"{&quot;background_background&quot;:&quot;classic&quot;}\">\n\t\t\t\t<div class=\"elementor-element elementor-element-97b325f elementor-widget elementor-widget-text-editor\" data-id=\"97b325f\" data-element_type=\"widget\" data-e-type=\"widget\" data-widget_type=\"text-editor.default\">\n\t\t\t\t\t\t\t\t\t<h2>Cr\u00e9er des identit\u00e9s <strong>qui vous ressemblent<\/strong><\/h2><p>Engag\u00e9e \u00e0 vos c\u00f4t\u00e9s dans la construction de votre image. L\u2019\u00e9coute est au c\u0153ur de chaque collaboration. Mon <strong>objectif est de vous offrir une exp\u00e9rience fluide, rassurante et align\u00e9e avec vos ambitions.<\/strong><\/p><p>Chaque projet est men\u00e9 avec exigence et sensibilit\u00e9, en prenant le temps n\u00e9cessaire pour construire une identit\u00e9 coh\u00e9rente, solide et fid\u00e8le \u00e0 ce que vous \u00eates.<\/p>\t\t\t\t\t\t\t\t<\/div>\n\t\t\t\t<\/div>\n\t\t\t\t<div class=\"elementor-element elementor-element-567d7d1 elementor-invisible elementor-widget elementor-widget-image\" data-id=\"567d7d1\" data-element_type=\"widget\" data-e-type=\"widget\" data-settings=\"{&quot;_animation&quot;:&quot;fadeIn&quot;}\" data-widget_type=\"image.default\">\n\t\t\t\t\t\t\t\t\t\t\t\t\t\t\t<img decoding=\"async\" width=\"683\" height=\"1024\" src=\"https:\/\/graindesablestudio.fr\/wp-content\/uploads\/2026\/02\/portrait-oceane-par-ulrike-photographe-vannes-morbihan-40-copie-683x1024.webp\" class=\"attachment-large size-large wp-image-679\" alt=\"\" srcset=\"https:\/\/graindesablestudio.fr\/wp-content\/uploads\/2026\/02\/portrait-oceane-par-ulrike-photographe-vannes-morbihan-40-copie-683x1024.webp 683w, https:\/\/graindesablestudio.fr\/wp-content\/uploads\/2026\/02\/portrait-oceane-par-ulrike-photographe-vannes-morbihan-40-copie-200x300.webp 200w, https:\/\/graindesablestudio.fr\/wp-content\/uploads\/2026\/02\/portrait-oceane-par-ulrike-photographe-vannes-morbihan-40-copie-768x1152.webp 768w, https:\/\/graindesablestudio.fr\/wp-content\/uploads\/2026\/02\/portrait-oceane-par-ulrike-photographe-vannes-morbihan-40-copie-1024x1536.webp 1024w, https:\/\/graindesablestudio.fr\/wp-content\/uploads\/2026\/02\/portrait-oceane-par-ulrike-photographe-vannes-morbihan-40-copie-1365x2048.webp 1365w, https:\/\/graindesablestudio.fr\/wp-content\/uploads\/2026\/02\/portrait-oceane-par-ulrike-photographe-vannes-morbihan-40-copie-scaled.webp 1707w\" sizes=\"(max-width: 683px) 100vw, 683px\" \/>\t\t\t\t\t\t\t\t\t\t\t\t\t\t\t<\/div>\n\t\t\t\t<\/div>\n\t\t\t\t\t<\/div>\n\t\t\t\t<\/div>\n\t\t<div class=\"elementor-element elementor-element-e63a978 e-flex e-con-boxed e-con e-parent\" data-id=\"e63a978\" data-element_type=\"container\" data-e-type=\"container\" data-settings=\"{&quot;background_background&quot;:&quot;classic&quot;}\">\n\t\t\t\t\t<div class=\"e-con-inner\">\n\t\t\t\t\t<\/div>\n\t\t\t\t<\/div>\n\t\t<div class=\"elementor-element elementor-element-6bd1c4b e-flex e-con-boxed e-con e-parent\" data-id=\"6bd1c4b\" data-element_type=\"container\" data-e-type=\"container\">\n\t\t\t\t\t<div class=\"e-con-inner\">\n\t\t<div class=\"elementor-element elementor-element-1e849a2 e-con-full e-flex e-con e-child\" data-id=\"1e849a2\" data-element_type=\"container\" data-e-type=\"container\" data-settings=\"{&quot;background_background&quot;:&quot;classic&quot;}\">\n\t\t\t\t<\/div>\n\t\t\t\t<div class=\"elementor-element elementor-element-dbc5893 elementor-widget elementor-widget-heading\" data-id=\"dbc5893\" data-element_type=\"widget\" data-e-type=\"widget\" data-widget_type=\"heading.default\">\n\t\t\t\t\t<h2 class=\"elementor-heading-title elementor-size-default\">Les valeurs du studio<\/h2>\t\t\t\t<\/div>\n\t\t<div class=\"elementor-element elementor-element-2c4ea03 e-con-full e-flex e-con e-child\" data-id=\"2c4ea03\" data-element_type=\"container\" data-e-type=\"container\" data-settings=\"{&quot;background_background&quot;:&quot;classic&quot;}\">\n\t\t\t\t<\/div>\n\t\t\t\t\t<\/div>\n\t\t\t\t<\/div>\n\t\t<div class=\"elementor-element elementor-element-6a90034 e-grid e-con-boxed e-con e-parent\" data-id=\"6a90034\" data-element_type=\"container\" data-e-type=\"container\">\n\t\t\t\t\t<div class=\"e-con-inner\">\n\t\t\t\t<div class=\"elementor-element elementor-element-1eef00c elementor-hidden-tablet elementor-hidden-mobile elementor-widget elementor-widget-image\" data-id=\"1eef00c\" data-element_type=\"widget\" data-e-type=\"widget\" data-widget_type=\"image.default\">\n\t\t\t\t\t\t\t\t\t\t\t\t\t\t\t<img decoding=\"async\" width=\"150\" height=\"150\" src=\"https:\/\/graindesablestudio.fr\/wp-content\/uploads\/2026\/02\/icones-site-25-150x150.png\" class=\"attachment-thumbnail size-thumbnail wp-image-951\" alt=\"\" \/>\t\t\t\t\t\t\t\t\t\t\t\t\t\t\t<\/div>\n\t\t\t\t<div class=\"elementor-element elementor-element-c473fc8 elementor-hidden-tablet elementor-hidden-mobile elementor-widget elementor-widget-image\" data-id=\"c473fc8\" data-element_type=\"widget\" data-e-type=\"widget\" data-widget_type=\"image.default\">\n\t\t\t\t\t\t\t\t\t\t\t\t\t\t\t<img loading=\"lazy\" decoding=\"async\" width=\"150\" height=\"150\" src=\"https:\/\/graindesablestudio.fr\/wp-content\/uploads\/2026\/02\/icones-site-26-150x150.png\" class=\"attachment-thumbnail size-thumbnail wp-image-952\" alt=\"\" \/>\t\t\t\t\t\t\t\t\t\t\t\t\t\t\t<\/div>\n\t\t\t\t<div class=\"elementor-element elementor-element-d112330 elementor-hidden-tablet elementor-hidden-mobile elementor-widget elementor-widget-image\" data-id=\"d112330\" data-element_type=\"widget\" data-e-type=\"widget\" data-widget_type=\"image.default\">\n\t\t\t\t\t\t\t\t\t\t\t\t\t\t\t<img loading=\"lazy\" decoding=\"async\" width=\"150\" height=\"150\" src=\"https:\/\/graindesablestudio.fr\/wp-content\/uploads\/2026\/02\/icones-site-27-150x150.png\" class=\"attachment-thumbnail size-thumbnail wp-image-953\" alt=\"\" \/>\t\t\t\t\t\t\t\t\t\t\t\t\t\t\t<\/div>\n\t\t\t\t<div class=\"elementor-element elementor-element-ab4104b elementor-widget elementor-widget-text-editor\" data-id=\"ab4104b\" data-element_type=\"widget\" data-e-type=\"widget\" data-widget_type=\"text-editor.default\">\n\t\t\t\t\t\t\t\t\t<p style=\"text-align: center;\"><b>Sensibilit\u00e9<br \/><\/b><span style=\"font-size: 16px;\">Comprendre votre univers, votre vision <br \/>et votre \u00e9nergie pour cr\u00e9er une identit\u00e9 <br \/>qui vous ressemble profond\u00e9ment.<\/span><\/p>\t\t\t\t\t\t\t\t<\/div>\n\t\t\t\t<div class=\"elementor-element elementor-element-ae0810e elementor-widget elementor-widget-text-editor\" data-id=\"ae0810e\" data-element_type=\"widget\" data-e-type=\"widget\" data-widget_type=\"text-editor.default\">\n\t\t\t\t\t\t\t\t\t<p style=\"text-align: center;\"><b>Pr\u00e9cision<br \/><\/b>Porter une attention particuli\u00e8re aux d\u00e9tails, aux \u00e9quilibres et \u00e0 la typographie pour garantir coh\u00e9rence et qualit\u00e9.<\/p>\t\t\t\t\t\t\t\t<\/div>\n\t\t\t\t<div class=\"elementor-element elementor-element-629f4ed elementor-widget elementor-widget-text-editor\" data-id=\"629f4ed\" data-element_type=\"widget\" data-e-type=\"widget\" data-widget_type=\"text-editor.default\">\n\t\t\t\t\t\t\t\t\t<p style=\"text-align: center;\"><b>Intention<br \/><\/b><span style=\"font-size: 16px;\">Concevoir des identit\u00e9s pens\u00e9es pour durer, construites avec sens, strat\u00e9gie et justesse.<\/span><\/p>\t\t\t\t\t\t\t\t<\/div>\n\t\t\t\t\t<\/div>\n\t\t\t\t<\/div>\n\t\t<div class=\"elementor-element elementor-element-4d1eda4 e-flex e-con-boxed e-con e-parent\" data-id=\"4d1eda4\" data-element_type=\"container\" data-e-type=\"container\" data-settings=\"{&quot;background_background&quot;:&quot;classic&quot;}\">\n\t\t\t\t\t<div class=\"e-con-inner\">\n\t\t\t\t\t<\/div>\n\t\t\t\t<\/div>\n\t\t<div class=\"elementor-element elementor-element-30ced69 e-flex e-con-boxed e-con e-parent\" data-id=\"30ced69\" data-element_type=\"container\" data-e-type=\"container\" data-settings=\"{&quot;background_background&quot;:&quot;classic&quot;}\">\n\t\t\t\t\t<div class=\"e-con-inner\">\n\t\t\t\t\t<\/div>\n\t\t\t\t<\/div>\n\t\t<div class=\"elementor-element elementor-element-8faf07b e-flex e-con-boxed e-con e-parent\" data-id=\"8faf07b\" data-element_type=\"container\" data-e-type=\"container\" data-settings=\"{&quot;background_background&quot;:&quot;classic&quot;}\">\n\t\t\t\t\t<div class=\"e-con-inner\">\n\t\t<div class=\"elementor-element elementor-element-53c6304 e-con-full e-flex e-con e-child\" data-id=\"53c6304\" data-element_type=\"container\" data-e-type=\"container\" data-settings=\"{&quot;background_background&quot;:&quot;classic&quot;}\">\n\t\t<div class=\"elementor-element elementor-element-b460faa e-grid e-con-full e-con e-child\" data-id=\"b460faa\" data-element_type=\"container\" data-e-type=\"container\">\n\t\t\t\t<div class=\"elementor-element elementor-element-601198d elementor-invisible elementor-widget elementor-widget-image\" data-id=\"601198d\" data-element_type=\"widget\" data-e-type=\"widget\" data-settings=\"{&quot;_animation&quot;:&quot;fadeIn&quot;}\" data-widget_type=\"image.default\">\n\t\t\t\t\t\t\t\t\t\t\t\t\t\t\t<img loading=\"lazy\" decoding=\"async\" width=\"683\" height=\"1024\" src=\"https:\/\/graindesablestudio.fr\/wp-content\/uploads\/2026\/02\/portrait-oceane-par-ulrike-photographe-vannes-morbihan-26-copie-683x1024.webp\" class=\"attachment-large size-large wp-image-676\" alt=\"\" srcset=\"https:\/\/graindesablestudio.fr\/wp-content\/uploads\/2026\/02\/portrait-oceane-par-ulrike-photographe-vannes-morbihan-26-copie-683x1024.webp 683w, https:\/\/graindesablestudio.fr\/wp-content\/uploads\/2026\/02\/portrait-oceane-par-ulrike-photographe-vannes-morbihan-26-copie-200x300.webp 200w, https:\/\/graindesablestudio.fr\/wp-content\/uploads\/2026\/02\/portrait-oceane-par-ulrike-photographe-vannes-morbihan-26-copie-768x1152.webp 768w, https:\/\/graindesablestudio.fr\/wp-content\/uploads\/2026\/02\/portrait-oceane-par-ulrike-photographe-vannes-morbihan-26-copie-1024x1536.webp 1024w, https:\/\/graindesablestudio.fr\/wp-content\/uploads\/2026\/02\/portrait-oceane-par-ulrike-photographe-vannes-morbihan-26-copie-1365x2048.webp 1365w, https:\/\/graindesablestudio.fr\/wp-content\/uploads\/2026\/02\/portrait-oceane-par-ulrike-photographe-vannes-morbihan-26-copie-scaled.webp 1707w\" sizes=\"(max-width: 683px) 100vw, 683px\" \/>\t\t\t\t\t\t\t\t\t\t\t\t\t\t\t<\/div>\n\t\t<div class=\"elementor-element elementor-element-c1e0c11 e-con-full e-flex e-con e-child\" data-id=\"c1e0c11\" data-element_type=\"container\" data-e-type=\"container\" data-settings=\"{&quot;background_background&quot;:&quot;classic&quot;}\">\n\t\t\t\t<div class=\"elementor-element elementor-element-3a70283 elementor-widget elementor-widget-text-editor\" data-id=\"3a70283\" data-element_type=\"widget\" data-e-type=\"widget\" data-widget_type=\"text-editor.default\">\n\t\t\t\t\t\t\t\t\t<h2><strong>Enchant\u00e9e<\/strong><br \/>Moi c\u2019est Oc\u00e9ane<\/h2><p>Sensibilit\u00e9, observation et exigence guident mon travail au quotidien. J\u2019accorde une attention particuli\u00e8re aux d\u00e9tails, aux rythmes visuels et aux choix typographiques qui donnent de la personnalit\u00e9 \u00e0 une identit\u00e9.<\/p><p><strong>Mon souhait, cr\u00e9er des univers visuels qui vous ressemblent, racontent votre histoire et vous permettent de communiquer avec clart\u00e9, confiance et coh\u00e9rence.<\/strong><\/p><p>Install\u00e9e en Bretagne et profond\u00e9ment inspir\u00e9e par la mer, je crois aux projets construits avec patience, intention et authenticit\u00e9. Parce que ce sont souvent les plus petits \u00e9l\u00e9ments comme un grain de sable qui donnent toute sa force \u00e0 un ensemble.<\/p>\t\t\t\t\t\t\t\t<\/div>\n\t\t\t\t<\/div>\n\t\t\t\t<\/div>\n\t\t\t\t<\/div>\n\t\t\t\t\t<\/div>\n\t\t\t\t<\/div>\n\t\t<div class=\"elementor-element elementor-element-a9a7e48 e-flex e-con-boxed e-con e-parent\" data-id=\"a9a7e48\" data-element_type=\"container\" data-e-type=\"container\" data-settings=\"{&quot;background_background&quot;:&quot;classic&quot;}\">\n\t\t\t\t\t<div class=\"e-con-inner\">\n\t\t\t\t\t<\/div>\n\t\t\t\t<\/div>\n\t\t<div class=\"elementor-element elementor-element-484e13c e-con-full e-flex e-con e-child\" data-id=\"484e13c\" data-element_type=\"container\" data-e-type=\"container\" data-settings=\"{&quot;background_background&quot;:&quot;classic&quot;}\">\n\t\t\t\t<\/div>\n\t\t<div class=\"elementor-element elementor-element-b47f5ab e-grid e-con-boxed e-con e-parent\" data-id=\"b47f5ab\" data-element_type=\"container\" data-e-type=\"container\" data-settings=\"{&quot;background_background&quot;:&quot;classic&quot;}\">\n\t\t\t\t\t<div class=\"e-con-inner\">\n\t\t\t\t<div class=\"elementor-element elementor-element-a76b634 elementor-widget elementor-widget-image\" data-id=\"a76b634\" data-element_type=\"widget\" data-e-type=\"widget\" data-widget_type=\"image.default\">\n\t\t\t\t\t\t\t\t\t\t\t\t\t\t\t<img loading=\"lazy\" decoding=\"async\" width=\"884\" height=\"414\" src=\"https:\/\/graindesablestudio.fr\/wp-content\/uploads\/2026\/02\/WEB.png\" class=\"attachment-full size-full wp-image-565\" alt=\"\" srcset=\"https:\/\/graindesablestudio.fr\/wp-content\/uploads\/2026\/02\/WEB.png 884w, https:\/\/graindesablestudio.fr\/wp-content\/uploads\/2026\/02\/WEB-300x140.png 300w, https:\/\/graindesablestudio.fr\/wp-content\/uploads\/2026\/02\/WEB-768x360.png 768w\" sizes=\"(max-width: 884px) 100vw, 884px\" \/>\t\t\t\t\t\t\t\t\t\t\t\t\t\t\t<\/div>\n\t\t<div class=\"elementor-element elementor-element-71c26b2 e-con-full e-flex e-con e-child\" data-id=\"71c26b2\" data-element_type=\"container\" data-e-type=\"container\">\n\t\t\t\t<div class=\"elementor-element elementor-element-76003bc elementor-widget elementor-widget-text-editor\" data-id=\"76003bc\" data-element_type=\"widget\" data-e-type=\"widget\" data-widget_type=\"text-editor.default\">\n\t\t\t\t\t\t\t\t\t<p><strong>Grain de sable studio<br \/><br \/><\/strong>Oc\u00e9ane Brillet <br \/><span style=\"font-size: 16px;\">Directrice artistique &amp; graphiste<\/span><\/p>\t\t\t\t\t\t\t\t<\/div>\n\t\t\t\t<\/div>\n\t\t<div class=\"elementor-element elementor-element-e35d231 e-con-full e-flex e-con e-child\" data-id=\"e35d231\" data-element_type=\"container\" data-e-type=\"container\">\n\t\t\t\t<div class=\"elementor-element elementor-element-26a2ffc elementor-widget elementor-widget-text-editor\" data-id=\"26a2ffc\" data-element_type=\"widget\" data-e-type=\"widget\" data-widget_type=\"text-editor.default\">\n\t\t\t\t\t\t\t\t\t<p><strong>Contact<br \/><\/strong>graindesablestudio@gmail.com<\/p>\t\t\t\t\t\t\t\t<\/div>\n\t\t\t\t<\/div>\n\t\t\t\t\t<\/div>\n\t\t\t\t<\/div>\n\t\t<div class=\"elementor-element elementor-element-9dace08 e-con-full e-flex e-con e-child\" data-id=\"9dace08\" data-element_type=\"container\" data-e-type=\"container\" data-settings=\"{&quot;background_background&quot;:&quot;classic&quot;}\">\n\t\t\t\t<\/div>\n\t\t\t\t<\/div>\n\t\t","protected":false},"excerpt":{"rendered":"<p>Une signature n\u00e9e au rythme des mar\u00e9es. J&rsquo;accompagne les marques dans la cr\u00e9ation d\u2019univers visuels sensibles, coh\u00e9rents et durables. Grain [&hellip;]<\/p>\n","protected":false},"author":1,"featured_media":0,"parent":0,"menu_order":0,"comment_status":"closed","ping_status":"closed","template":"","meta":{"site-sidebar-layout":"no-sidebar","site-content-layout":"","ast-site-content-layout":"full-width-container","site-content-style":"default","site-sidebar-style":"default","ast-global-header-display":"","ast-banner-title-visibility":"","ast-main-header-display":"","ast-hfb-above-header-display":"","ast-hfb-below-header-display":"","ast-hfb-mobile-header-display":"","site-post-title":"disabled","ast-breadcrumbs-content":"","ast-featured-img":"disabled","footer-sml-layout":"","ast-disable-related-posts":"","theme-transparent-header-meta":"","adv-header-id-meta":"","stick-header-meta":"","header-above-stick-meta":"","header-main-stick-meta":"","header-below-stick-meta":"","astra-migrate-meta-layouts":"default","ast-page-background-enabled":"default","ast-page-background-meta":{"desktop":{"background-color":"var(--ast-global-color-5)","background-image":"","background-repeat":"repeat","background-position":"center center","background-size":"auto","background-attachment":"scroll","background-type":"","background-media":"","overlay-type":"","overlay-color":"","overlay-opacity":"","overlay-gradient":""},"tablet":{"background-color":"","background-image":"","background-repeat":"repeat","background-position":"center center","background-size":"auto","background-attachment":"scroll","background-type":"","background-media":"","overlay-type":"","overlay-color":"","overlay-opacity":"","overlay-gradient":""},"mobile":{"background-color":"","background-image":"","background-repeat":"repeat","background-position":"center center","background-size":"auto","background-attachment":"scroll","background-type":"","background-media":"","overlay-type":"","overlay-color":"","overlay-opacity":"","overlay-gradient":""}},"ast-content-background-meta":{"desktop":{"background-color":"var(--ast-global-color-4)","background-image":"","background-repeat":"repeat","background-position":"center center","background-size":"auto","background-attachment":"scroll","background-type":"","background-media":"","overlay-type":"","overlay-color":"","overlay-opacity":"","overlay-gradient":""},"tablet":{"background-color":"var(--ast-global-color-4)","background-image":"","background-repeat":"repeat","background-position":"center center","background-size":"auto","background-attachment":"scroll","background-type":"","background-media":"","overlay-type":"","overlay-color":"","overlay-opacity":"","overlay-gradient":""},"mobile":{"background-color":"var(--ast-global-color-4)","background-image":"","background-repeat":"repeat","background-position":"center center","background-size":"auto","background-attachment":"scroll","background-type":"","background-media":"","overlay-type":"","overlay-color":"","overlay-opacity":"","overlay-gradient":""}},"footnotes":""},"class_list":["post-58","page","type-page","status-publish","hentry"],"yoast_head":"<!-- This site is optimized with the Yoast SEO plugin v28.4 - https:\/\/yoast.com\/product\/yoast-seo-wordpress\/ -->\n<title>Le studio -<\/title>\n<meta name=\"description\" content=\"Graphiste et directrice artistique, Grain de Sable Studio aide les marques \u00e0 reveler leur essence avec justesse, intention et sensibilit\u00e9. Identit\u00e9s visuelles, sites web, supports de communication imprim\u00e9s et num\u00e9riques, r\u00e9seaux sociaux ...\" \/>\n<meta name=\"robots\" content=\"index, follow, max-snippet:-1, max-image-preview:large, max-video-preview:-1\" \/>\n<link rel=\"canonical\" href=\"https:\/\/graindesablestudio.fr\/?page_id=58\" \/>\n<meta property=\"og:locale\" content=\"fr_FR\" \/>\n<meta property=\"og:type\" content=\"article\" \/>\n<meta property=\"og:title\" content=\"Le studio -\" \/>\n<meta property=\"og:description\" content=\"Graphiste et directrice artistique, Grain de Sable Studio aide les marques \u00e0 reveler leur essence avec justesse, intention et sensibilit\u00e9. Identit\u00e9s visuelles, sites web, supports de communication imprim\u00e9s et num\u00e9riques, r\u00e9seaux sociaux ...\" \/>\n<meta property=\"og:url\" content=\"https:\/\/graindesablestudio.fr\/?page_id=58\" \/>\n<meta property=\"article:modified_time\" content=\"2026-04-14T15:12:46+00:00\" \/>\n<meta property=\"og:image\" content=\"http:\/\/graindesablestudio.fr\/wp-content\/uploads\/2026\/02\/portrait-oceane-par-ulrike-photographe-vannes-morbihan-3-copie-683x1024.webp\" \/>\n<meta name=\"twitter:card\" content=\"summary_large_image\" \/>\n<meta name=\"twitter:label1\" content=\"Dur\u00e9e de lecture estim\u00e9e\" \/>\n\t<meta name=\"twitter:data1\" content=\"2 minutes\" \/>\n<script type=\"application\/ld+json\" class=\"yoast-schema-graph\">{\"@context\":\"https:\\\/\\\/schema.org\",\"@graph\":[{\"@type\":\"WebPage\",\"@id\":\"https:\\\/\\\/graindesablestudio.fr\\\/?page_id=58\",\"url\":\"https:\\\/\\\/graindesablestudio.fr\\\/?page_id=58\",\"name\":\"Le studio -\",\"isPartOf\":{\"@id\":\"https:\\\/\\\/graindesablestudio.fr\\\/#website\"},\"primaryImageOfPage\":{\"@id\":\"https:\\\/\\\/graindesablestudio.fr\\\/?page_id=58#primaryimage\"},\"image\":{\"@id\":\"https:\\\/\\\/graindesablestudio.fr\\\/?page_id=58#primaryimage\"},\"thumbnailUrl\":\"http:\\\/\\\/graindesablestudio.fr\\\/wp-content\\\/uploads\\\/2026\\\/02\\\/portrait-oceane-par-ulrike-photographe-vannes-morbihan-3-copie-683x1024.webp\",\"datePublished\":\"2026-02-16T15:54:55+00:00\",\"dateModified\":\"2026-04-14T15:12:46+00:00\",\"description\":\"Graphiste et directrice artistique, Grain de Sable Studio aide les marques \u00e0 reveler leur essence avec justesse, intention et sensibilit\u00e9. Identit\u00e9s visuelles, sites web, supports de communication imprim\u00e9s et num\u00e9riques, r\u00e9seaux sociaux ...\",\"breadcrumb\":{\"@id\":\"https:\\\/\\\/graindesablestudio.fr\\\/?page_id=58#breadcrumb\"},\"inLanguage\":\"fr-FR\",\"potentialAction\":[{\"@type\":\"ReadAction\",\"target\":[\"https:\\\/\\\/graindesablestudio.fr\\\/?page_id=58\"]}]},{\"@type\":\"ImageObject\",\"inLanguage\":\"fr-FR\",\"@id\":\"https:\\\/\\\/graindesablestudio.fr\\\/?page_id=58#primaryimage\",\"url\":\"https:\\\/\\\/graindesablestudio.fr\\\/wp-content\\\/uploads\\\/2026\\\/02\\\/portrait-oceane-par-ulrike-photographe-vannes-morbihan-3-copie-scaled.webp\",\"contentUrl\":\"https:\\\/\\\/graindesablestudio.fr\\\/wp-content\\\/uploads\\\/2026\\\/02\\\/portrait-oceane-par-ulrike-photographe-vannes-morbihan-3-copie-scaled.webp\",\"width\":1707,\"height\":2560},{\"@type\":\"BreadcrumbList\",\"@id\":\"https:\\\/\\\/graindesablestudio.fr\\\/?page_id=58#breadcrumb\",\"itemListElement\":[{\"@type\":\"ListItem\",\"position\":1,\"name\":\"Accueil\",\"item\":\"https:\\\/\\\/graindesablestudio.fr\\\/\"},{\"@type\":\"ListItem\",\"position\":2,\"name\":\"Le studio\"}]},{\"@type\":\"WebSite\",\"@id\":\"https:\\\/\\\/graindesablestudio.fr\\\/#website\",\"url\":\"https:\\\/\\\/graindesablestudio.fr\\\/\",\"name\":\"Grain de sable studio graphique\",\"description\":\"\",\"publisher\":{\"@id\":\"https:\\\/\\\/graindesablestudio.fr\\\/#organization\"},\"potentialAction\":[{\"@type\":\"SearchAction\",\"target\":{\"@type\":\"EntryPoint\",\"urlTemplate\":\"https:\\\/\\\/graindesablestudio.fr\\\/?s={search_term_string}\"},\"query-input\":{\"@type\":\"PropertyValueSpecification\",\"valueRequired\":true,\"valueName\":\"search_term_string\"}}],\"inLanguage\":\"fr-FR\"},{\"@type\":\"Organization\",\"@id\":\"https:\\\/\\\/graindesablestudio.fr\\\/#organization\",\"name\":\"Grain de sable studio\",\"url\":\"https:\\\/\\\/graindesablestudio.fr\\\/\",\"logo\":{\"@type\":\"ImageObject\",\"inLanguage\":\"fr-FR\",\"@id\":\"https:\\\/\\\/graindesablestudio.fr\\\/#\\\/schema\\\/logo\\\/image\\\/\",\"url\":\"https:\\\/\\\/graindesablestudio.fr\\\/wp-content\\\/uploads\\\/2026\\\/02\\\/cropped-LOGOSEULai.png\",\"contentUrl\":\"https:\\\/\\\/graindesablestudio.fr\\\/wp-content\\\/uploads\\\/2026\\\/02\\\/cropped-LOGOSEULai.png\",\"width\":884,\"height\":382,\"caption\":\"Grain de sable studio\"},\"image\":{\"@id\":\"https:\\\/\\\/graindesablestudio.fr\\\/#\\\/schema\\\/logo\\\/image\\\/\"},\"sameAs\":[\"https:\\\/\\\/www.instagram.com\\\/graindesable.studio\\\/\"]}]}<\/script>\n<!-- \/ Yoast SEO plugin. -->","yoast_head_json":{"title":"Le studio -","description":"Graphiste et directrice artistique, Grain de Sable Studio aide les marques \u00e0 reveler leur essence avec justesse, intention et sensibilit\u00e9. Identit\u00e9s visuelles, sites web, supports de communication imprim\u00e9s et num\u00e9riques, r\u00e9seaux sociaux ...","robots":{"index":"index","follow":"follow","max-snippet":"max-snippet:-1","max-image-preview":"max-image-preview:large","max-video-preview":"max-video-preview:-1"},"canonical":"https:\/\/graindesablestudio.fr\/?page_id=58","og_locale":"fr_FR","og_type":"article","og_title":"Le studio -","og_description":"Graphiste et directrice artistique, Grain de Sable Studio aide les marques \u00e0 reveler leur essence avec justesse, intention et sensibilit\u00e9. Identit\u00e9s visuelles, sites web, supports de communication imprim\u00e9s et num\u00e9riques, r\u00e9seaux sociaux ...","og_url":"https:\/\/graindesablestudio.fr\/?page_id=58","article_modified_time":"2026-04-14T15:12:46+00:00","og_image":[{"url":"http:\/\/graindesablestudio.fr\/wp-content\/uploads\/2026\/02\/portrait-oceane-par-ulrike-photographe-vannes-morbihan-3-copie-683x1024.webp","type":"","width":"","height":""}],"twitter_card":"summary_large_image","twitter_misc":{"Dur\u00e9e de lecture estim\u00e9e":"2 minutes"},"schema":{"@context":"https:\/\/schema.org","@graph":[{"@type":"WebPage","@id":"https:\/\/graindesablestudio.fr\/?page_id=58","url":"https:\/\/graindesablestudio.fr\/?page_id=58","name":"Le studio -","isPartOf":{"@id":"https:\/\/graindesablestudio.fr\/#website"},"primaryImageOfPage":{"@id":"https:\/\/graindesablestudio.fr\/?page_id=58#primaryimage"},"image":{"@id":"https:\/\/graindesablestudio.fr\/?page_id=58#primaryimage"},"thumbnailUrl":"http:\/\/graindesablestudio.fr\/wp-content\/uploads\/2026\/02\/portrait-oceane-par-ulrike-photographe-vannes-morbihan-3-copie-683x1024.webp","datePublished":"2026-02-16T15:54:55+00:00","dateModified":"2026-04-14T15:12:46+00:00","description":"Graphiste et directrice artistique, Grain de Sable Studio aide les marques \u00e0 reveler leur essence avec justesse, intention et sensibilit\u00e9. Identit\u00e9s visuelles, sites web, supports de communication imprim\u00e9s et num\u00e9riques, r\u00e9seaux sociaux ...","breadcrumb":{"@id":"https:\/\/graindesablestudio.fr\/?page_id=58#breadcrumb"},"inLanguage":"fr-FR","potentialAction":[{"@type":"ReadAction","target":["https:\/\/graindesablestudio.fr\/?page_id=58"]}]},{"@type":"ImageObject","inLanguage":"fr-FR","@id":"https:\/\/graindesablestudio.fr\/?page_id=58#primaryimage","url":"https:\/\/graindesablestudio.fr\/wp-content\/uploads\/2026\/02\/portrait-oceane-par-ulrike-photographe-vannes-morbihan-3-copie-scaled.webp","contentUrl":"https:\/\/graindesablestudio.fr\/wp-content\/uploads\/2026\/02\/portrait-oceane-par-ulrike-photographe-vannes-morbihan-3-copie-scaled.webp","width":1707,"height":2560},{"@type":"BreadcrumbList","@id":"https:\/\/graindesablestudio.fr\/?page_id=58#breadcrumb","itemListElement":[{"@type":"ListItem","position":1,"name":"Accueil","item":"https:\/\/graindesablestudio.fr\/"},{"@type":"ListItem","position":2,"name":"Le studio"}]},{"@type":"WebSite","@id":"https:\/\/graindesablestudio.fr\/#website","url":"https:\/\/graindesablestudio.fr\/","name":"Grain de sable studio graphique","description":"","publisher":{"@id":"https:\/\/graindesablestudio.fr\/#organization"},"potentialAction":[{"@type":"SearchAction","target":{"@type":"EntryPoint","urlTemplate":"https:\/\/graindesablestudio.fr\/?s={search_term_string}"},"query-input":{"@type":"PropertyValueSpecification","valueRequired":true,"valueName":"search_term_string"}}],"inLanguage":"fr-FR"},{"@type":"Organization","@id":"https:\/\/graindesablestudio.fr\/#organization","name":"Grain de sable studio","url":"https:\/\/graindesablestudio.fr\/","logo":{"@type":"ImageObject","inLanguage":"fr-FR","@id":"https:\/\/graindesablestudio.fr\/#\/schema\/logo\/image\/","url":"https:\/\/graindesablestudio.fr\/wp-content\/uploads\/2026\/02\/cropped-LOGOSEULai.png","contentUrl":"https:\/\/graindesablestudio.fr\/wp-content\/uploads\/2026\/02\/cropped-LOGOSEULai.png","width":884,"height":382,"caption":"Grain de sable studio"},"image":{"@id":"https:\/\/graindesablestudio.fr\/#\/schema\/logo\/image\/"},"sameAs":["https:\/\/www.instagram.com\/graindesable.studio\/"]}]}},"_links":{"self":[{"href":"https:\/\/graindesablestudio.fr\/index.php?rest_route=\/wp\/v2\/pages\/58","targetHints":{"allow":["GET"]}}],"collection":[{"href":"https:\/\/graindesablestudio.fr\/index.php?rest_route=\/wp\/v2\/pages"}],"about":[{"href":"https:\/\/graindesablestudio.fr\/index.php?rest_route=\/wp\/v2\/types\/page"}],"author":[{"embeddable":true,"href":"https:\/\/graindesablestudio.fr\/index.php?rest_route=\/wp\/v2\/users\/1"}],"replies":[{"embeddable":true,"href":"https:\/\/graindesablestudio.fr\/index.php?rest_route=%2Fwp%2Fv2%2Fcomments&post=58"}],"version-history":[{"count":189,"href":"https:\/\/graindesablestudio.fr\/index.php?rest_route=\/wp\/v2\/pages\/58\/revisions"}],"predecessor-version":[{"id":1630,"href":"https:\/\/graindesablestudio.fr\/index.php?rest_route=\/wp\/v2\/pages\/58\/revisions\/1630"}],"wp:attachment":[{"href":"https:\/\/graindesablestudio.fr\/index.php?rest_route=%2Fwp%2Fv2%2Fmedia&parent=58"}],"curies":[{"name":"wp","href":"https:\/\/api.w.org\/{rel}","templated":true}]}}