{"id":200,"date":"2026-02-16T19:38:48","date_gmt":"2026-02-16T18:38:48","guid":{"rendered":"http:\/\/graindesablestudio.local\/?page_id=200"},"modified":"2026-08-09T08:51:03","modified_gmt":"2026-08-09T06:51:03","slug":"accueil","status":"publish","type":"page","link":"https:\/\/graindesablestudio.fr\/","title":{"rendered":"Accueil"},"content":{"rendered":"\t\t<div data-elementor-type=\"wp-page\" data-elementor-id=\"200\" class=\"elementor elementor-200\">\n\t\t\t\t<div class=\"elementor-element elementor-element-62d31dc e-flex e-con-boxed e-con e-parent\" data-id=\"62d31dc\" data-element_type=\"container\" data-e-type=\"container\" data-settings=\"{&quot;background_background&quot;:&quot;classic&quot;}\">\n\t\t\t\t\t<div class=\"e-con-inner\">\n\t\t\t\t<div class=\"elementor-element elementor-element-30e2df1 elementor-widget elementor-widget-text-editor\" data-id=\"30e2df1\" data-element_type=\"widget\" data-e-type=\"widget\" data-widget_type=\"text-editor.default\">\n\t\t\t\t\t\t\t\t\t<h2>Un <strong>studio <\/strong>de<strong> design graphique<\/strong> <br \/>et de <strong>direction artistique<br \/><\/strong> <strong>inspir\u00e9 <\/strong>par<strong> les c\u00f4tes bretonnes<\/strong><\/h2>\t\t\t\t\t\t\t\t<\/div>\n\t\t\t\t\t<\/div>\n\t\t\t\t<\/div>\n\t\t<div class=\"elementor-element elementor-element-dd68a64 e-flex e-con-boxed e-con e-parent\" data-id=\"dd68a64\" data-element_type=\"container\" data-e-type=\"container\" data-settings=\"{&quot;background_background&quot;:&quot;classic&quot;}\">\n\t\t\t\t\t<div class=\"e-con-inner\">\n\t\t\t\t\t<\/div>\n\t\t\t\t<\/div>\n\t\t<div class=\"elementor-element elementor-element-6a13ed5 e-flex e-con-boxed e-con e-parent\" data-id=\"6a13ed5\" data-element_type=\"container\" data-e-type=\"container\" data-settings=\"{&quot;background_background&quot;:&quot;classic&quot;}\">\n\t\t\t\t\t<div class=\"e-con-inner\">\n\t\t<div class=\"elementor-element elementor-element-4db6f3d e-grid e-con-full e-con e-child\" data-id=\"4db6f3d\" data-element_type=\"container\" data-e-type=\"container\">\n\t\t\t\t<div class=\"elementor-element elementor-element-baf3b43 elementor-invisible elementor-widget elementor-widget-image\" data-id=\"baf3b43\" data-element_type=\"widget\" data-e-type=\"widget\" data-settings=\"{&quot;_animation&quot;:&quot;fadeIn&quot;}\" data-widget_type=\"image.default\">\n\t\t\t\t\t\t\t\t\t\t\t\t\t\t\t<img fetchpriority=\"high\" decoding=\"async\" width=\"683\" height=\"1024\" src=\"https:\/\/graindesablestudio.fr\/wp-content\/uploads\/2026\/02\/portrait-oceane-par-ulrike-photographe-vannes-morbihan-22-copie-683x1024.webp\" class=\"attachment-large size-large wp-image-675\" alt=\"\" srcset=\"https:\/\/graindesablestudio.fr\/wp-content\/uploads\/2026\/02\/portrait-oceane-par-ulrike-photographe-vannes-morbihan-22-copie-683x1024.webp 683w, https:\/\/graindesablestudio.fr\/wp-content\/uploads\/2026\/02\/portrait-oceane-par-ulrike-photographe-vannes-morbihan-22-copie-200x300.webp 200w, https:\/\/graindesablestudio.fr\/wp-content\/uploads\/2026\/02\/portrait-oceane-par-ulrike-photographe-vannes-morbihan-22-copie-768x1152.webp 768w, https:\/\/graindesablestudio.fr\/wp-content\/uploads\/2026\/02\/portrait-oceane-par-ulrike-photographe-vannes-morbihan-22-copie-1024x1536.webp 1024w, https:\/\/graindesablestudio.fr\/wp-content\/uploads\/2026\/02\/portrait-oceane-par-ulrike-photographe-vannes-morbihan-22-copie-1365x2048.webp 1365w, https:\/\/graindesablestudio.fr\/wp-content\/uploads\/2026\/02\/portrait-oceane-par-ulrike-photographe-vannes-morbihan-22-copie-scaled.webp 1707w\" sizes=\"(max-width: 683px) 100vw, 683px\" \/>\t\t\t\t\t\t\t\t\t\t\t\t\t\t\t<\/div>\n\t\t<div class=\"elementor-element elementor-element-4d598f3 e-con-full e-flex e-con e-child\" data-id=\"4d598f3\" data-element_type=\"container\" data-e-type=\"container\" data-settings=\"{&quot;background_background&quot;:&quot;classic&quot;}\">\n\t\t\t\t<div class=\"elementor-element elementor-element-db024d0 elementor-widget elementor-widget-text-editor\" data-id=\"db024d0\" data-element_type=\"widget\" data-e-type=\"widget\" data-widget_type=\"text-editor.default\">\n\t\t\t\t\t\t\t\t\t<h2>Chaque marque poss\u00e8de <br \/><strong>une histoire, une \u00e9nergie, <br \/>une intention.<\/strong><\/h2><p>Chez Grain de Sable Studio, le design devient un langage pour traduire cette singularit\u00e9 avec justesse et sensibilit\u00e9.<\/p><p>Inspir\u00e9 par la mer et le rythme du vivant, j&rsquo;appr\u00e9hende le design avec patience, chaque d\u00e9tail contribue \u00e0 cr\u00e9er des identit\u00e9s fortes, coh\u00e9rentes et durables.<\/p><p>Comme un grain de sable fa\u00e7onn\u00e9 par le temps, les projets sont construits avec intention, pr\u00e9cision et authenticit\u00e9.<\/p>\t\t\t\t\t\t\t\t<\/div>\n\t\t\t\t<div class=\"elementor-element elementor-element-15365d8 elementor-widget elementor-widget-button\" data-id=\"15365d8\" data-element_type=\"widget\" data-e-type=\"widget\" data-widget_type=\"button.default\">\n\t\t\t\t\t\t\t\t\t\t<a class=\"elementor-button elementor-button-link elementor-size-sm\" href=\"https:\/\/graindesablestudio.fr\/?page_id=58\">\n\t\t\t\t\t\t<span class=\"elementor-button-content-wrapper\">\n\t\t\t\t\t\t\t\t\t<span class=\"elementor-button-text\">D\u00e9couvrir le studio<\/span>\n\t\t\t\t\t<\/span>\n\t\t\t\t\t<\/a>\n\t\t\t\t\t\t\t\t<\/div>\n\t\t\t\t<\/div>\n\t\t\t\t<\/div>\n\t\t\t\t\t<\/div>\n\t\t\t\t<\/div>\n\t\t<div class=\"elementor-element elementor-element-ddf87c0 e-flex e-con-boxed e-con e-parent\" data-id=\"ddf87c0\" data-element_type=\"container\" data-e-type=\"container\" data-settings=\"{&quot;background_background&quot;:&quot;classic&quot;}\">\n\t\t\t\t\t<div class=\"e-con-inner\">\n\t\t\t\t\t<\/div>\n\t\t\t\t<\/div>\n\t\t<div class=\"elementor-element elementor-element-dfdaad5 e-flex e-con-boxed e-con e-parent\" data-id=\"dfdaad5\" data-element_type=\"container\" data-e-type=\"container\" data-settings=\"{&quot;background_background&quot;:&quot;classic&quot;}\">\n\t\t\t\t\t<div class=\"e-con-inner\">\n\t\t\t\t\t<\/div>\n\t\t\t\t<\/div>\n\t\t<div class=\"elementor-element elementor-element-50e7d4c e-flex e-con-boxed e-con e-parent\" data-id=\"50e7d4c\" data-element_type=\"container\" data-e-type=\"container\">\n\t\t\t\t\t<div class=\"e-con-inner\">\n\t\t\t\t<div class=\"elementor-element elementor-element-01a0b44 elementor-widget elementor-widget-text-editor\" data-id=\"01a0b44\" data-element_type=\"widget\" data-e-type=\"widget\" data-widget_type=\"text-editor.default\">\n\t\t\t\t\t\t\t\t\t<h3>LES SERVICES<\/h3>\t\t\t\t\t\t\t\t<\/div>\n\t\t\t\t\t<\/div>\n\t\t\t\t<\/div>\n\t\t<div class=\"elementor-element elementor-element-338bf00 e-flex e-con-boxed e-con e-parent\" data-id=\"338bf00\" data-element_type=\"container\" data-e-type=\"container\" data-settings=\"{&quot;background_background&quot;:&quot;classic&quot;}\">\n\t\t\t\t\t<div class=\"e-con-inner\">\n\t\t<div class=\"elementor-element elementor-element-85c519c e-grid e-con-full e-con e-child\" data-id=\"85c519c\" data-element_type=\"container\" data-e-type=\"container\">\n\t\t\t\t<div class=\"elementor-element elementor-element-2a79602 elementor-hidden-mobile elementor-widget elementor-widget-image\" data-id=\"2a79602\" data-element_type=\"widget\" data-e-type=\"widget\" data-widget_type=\"image.default\">\n\t\t\t\t\t\t\t\t\t\t\t\t\t\t\t<img decoding=\"async\" width=\"150\" height=\"150\" src=\"https:\/\/graindesablestudio.fr\/wp-content\/uploads\/2026\/02\/icones-site-25-150x150.png\" class=\"attachment-thumbnail size-thumbnail wp-image-951\" alt=\"\" \/>\t\t\t\t\t\t\t\t\t\t\t\t\t\t\t<\/div>\n\t\t\t\t<div class=\"elementor-element elementor-element-c52390c elementor-hidden-mobile elementor-widget elementor-widget-image\" data-id=\"c52390c\" data-element_type=\"widget\" data-e-type=\"widget\" data-widget_type=\"image.default\">\n\t\t\t\t\t\t\t\t\t\t\t\t\t\t\t<img decoding=\"async\" width=\"150\" height=\"150\" src=\"https:\/\/graindesablestudio.fr\/wp-content\/uploads\/2026\/02\/icones-site-26-150x150.png\" class=\"attachment-thumbnail size-thumbnail wp-image-952\" alt=\"\" \/>\t\t\t\t\t\t\t\t\t\t\t\t\t\t\t<\/div>\n\t\t\t\t<div class=\"elementor-element elementor-element-08fcbfa elementor-hidden-mobile elementor-widget elementor-widget-image\" data-id=\"08fcbfa\" data-element_type=\"widget\" data-e-type=\"widget\" data-widget_type=\"image.default\">\n\t\t\t\t\t\t\t\t\t\t\t\t\t\t\t<img loading=\"lazy\" decoding=\"async\" width=\"150\" height=\"150\" src=\"https:\/\/graindesablestudio.fr\/wp-content\/uploads\/2026\/02\/icones-site-27-150x150.png\" class=\"attachment-thumbnail size-thumbnail wp-image-953\" alt=\"\" \/>\t\t\t\t\t\t\t\t\t\t\t\t\t\t\t<\/div>\n\t\t\t\t<div class=\"elementor-element elementor-element-e2e099e elementor-widget elementor-widget-text-editor\" data-id=\"e2e099e\" data-element_type=\"widget\" data-e-type=\"widget\" data-widget_type=\"text-editor.default\">\n\t\t\t\t\t\t\t\t\t<h2 style=\"text-align: center;\"><b>Identit\u00e9 de marque<\/b><\/h2><p style=\"text-align: center;\">Cr\u00e9ation de logos et <br \/>identit\u00e9s visuelles sur mesure, <br \/>pens\u00e9es pour r\u00e9v\u00e9ler l\u2019essence <br \/>de votre projet.<\/p>\t\t\t\t\t\t\t\t<\/div>\n\t\t\t\t<div class=\"elementor-element elementor-element-68d6aa0 elementor-widget elementor-widget-text-editor\" data-id=\"68d6aa0\" data-element_type=\"widget\" data-e-type=\"widget\" data-widget_type=\"text-editor.default\">\n\t\t\t\t\t\t\t\t\t<h2 style=\"text-align: center;\"><b>Supports &amp; RS<\/b><\/h2><p style=\"text-align: center;\">Templates, visuels et<br \/>supports de communication <br \/>pour une image coh\u00e9rente <br \/>sur tous vos supports.<\/p>\t\t\t\t\t\t\t\t<\/div>\n\t\t\t\t<div class=\"elementor-element elementor-element-87883ce elementor-widget elementor-widget-text-editor\" data-id=\"87883ce\" data-element_type=\"widget\" data-e-type=\"widget\" data-widget_type=\"text-editor.default\">\n\t\t\t\t\t\t\t\t\t<h2 style=\"text-align: center;\"><b>Site web<\/b><\/h2><p style=\"text-align: center;\">Conception de sites \u00e9l\u00e9gants,<br \/>intuitifs et align\u00e9s <br \/>avec votre univers <br \/>de marque.<\/p>\t\t\t\t\t\t\t\t<\/div>\n\t\t\t\t<\/div>\n\t\t\t\t\t<\/div>\n\t\t\t\t<\/div>\n\t\t<div class=\"elementor-element elementor-element-dc2f8fa e-flex e-con-boxed e-con e-parent\" data-id=\"dc2f8fa\" data-element_type=\"container\" data-e-type=\"container\">\n\t\t\t\t\t<div class=\"e-con-inner\">\n\t\t\t\t<div class=\"elementor-element elementor-element-7d5ecb0 elementor-widget elementor-widget-button\" data-id=\"7d5ecb0\" data-element_type=\"widget\" data-e-type=\"widget\" data-widget_type=\"button.default\">\n\t\t\t\t\t\t\t\t\t\t<a class=\"elementor-button elementor-button-link elementor-size-sm\" href=\"https:\/\/graindesablestudio.fr\/?page_id=57\">\n\t\t\t\t\t\t<span class=\"elementor-button-content-wrapper\">\n\t\t\t\t\t\t\t\t\t<span class=\"elementor-button-text\">Voir les prestations<\/span>\n\t\t\t\t\t<\/span>\n\t\t\t\t\t<\/a>\n\t\t\t\t\t\t\t\t<\/div>\n\t\t\t\t\t<\/div>\n\t\t\t\t<\/div>\n\t\t<div class=\"elementor-element elementor-element-f0a7825 e-flex e-con-boxed e-con e-parent\" data-id=\"f0a7825\" data-element_type=\"container\" data-e-type=\"container\" data-settings=\"{&quot;background_background&quot;:&quot;classic&quot;}\">\n\t\t\t\t\t<div class=\"e-con-inner\">\n\t\t\t\t\t<\/div>\n\t\t\t\t<\/div>\n\t\t<div class=\"elementor-element elementor-element-29a26b0 e-flex e-con-boxed e-con e-parent\" data-id=\"29a26b0\" data-element_type=\"container\" data-e-type=\"container\" data-settings=\"{&quot;background_background&quot;:&quot;classic&quot;}\">\n\t\t\t\t\t<div class=\"e-con-inner\">\n\t\t\t\t\t<\/div>\n\t\t\t\t<\/div>\n\t\t<div class=\"elementor-element elementor-element-af5dcd6 e-flex e-con-boxed e-con e-parent\" data-id=\"af5dcd6\" data-element_type=\"container\" data-e-type=\"container\" data-settings=\"{&quot;background_background&quot;:&quot;classic&quot;}\">\n\t\t\t\t\t<div class=\"e-con-inner\">\n\t\t<div class=\"elementor-element elementor-element-03dbc6c e-grid e-con-full e-con e-child\" data-id=\"03dbc6c\" data-element_type=\"container\" data-e-type=\"container\" data-settings=\"{&quot;background_background&quot;:&quot;classic&quot;}\">\n\t\t<div class=\"elementor-element elementor-element-23adc6c e-con-full e-flex e-con e-child\" data-id=\"23adc6c\" data-element_type=\"container\" data-e-type=\"container\" data-settings=\"{&quot;background_background&quot;:&quot;classic&quot;}\">\n\t\t\t\t<div class=\"elementor-element elementor-element-dcdb207 elementor-widget elementor-widget-text-editor\" data-id=\"dcdb207\" data-element_type=\"widget\" data-e-type=\"widget\" data-widget_type=\"text-editor.default\">\n\t\t\t\t\t\t\t\t\t<h3>ILS M&rsquo;ONT FAIT CONFIANCE\u00a0<\/h3>\t\t\t\t\t\t\t\t<\/div>\n\t\t\t\t<div class=\"elementor-element elementor-element-742f338 elementor-widget elementor-widget-text-editor\" data-id=\"742f338\" data-element_type=\"widget\" data-e-type=\"widget\" data-widget_type=\"text-editor.default\">\n\t\t\t\t\t\t\t\t\t<p>D\u00e9couvrez les univers des marques que j&rsquo;ai accompagn\u00e9es, entre sensibilit\u00e9, coh\u00e9rence et exigence du d\u00e9tail.<\/p>\t\t\t\t\t\t\t\t<\/div>\n\t\t\t\t<div class=\"elementor-element elementor-element-4ee7453 elementor-widget elementor-widget-button\" data-id=\"4ee7453\" data-element_type=\"widget\" data-e-type=\"widget\" data-widget_type=\"button.default\">\n\t\t\t\t\t\t\t\t\t\t<a class=\"elementor-button elementor-button-link elementor-size-sm\" href=\"https:\/\/graindesablestudio.fr\/?page_id=61\">\n\t\t\t\t\t\t<span class=\"elementor-button-content-wrapper\">\n\t\t\t\t\t\t\t\t\t<span class=\"elementor-button-text\">Voir tous les projets<\/span>\n\t\t\t\t\t<\/span>\n\t\t\t\t\t<\/a>\n\t\t\t\t\t\t\t\t<\/div>\n\t\t\t\t<\/div>\n\t\t\t\t<div class=\"elementor-element elementor-element-ba69965 elementor-invisible elementor-widget elementor-widget-image\" data-id=\"ba69965\" data-element_type=\"widget\" data-e-type=\"widget\" data-settings=\"{&quot;_animation&quot;:&quot;fadeIn&quot;}\" data-widget_type=\"image.default\">\n\t\t\t\t\t\t\t\t\t\t\t\t\t\t\t\t<a href=\"https:\/\/graindesablestudio.fr\/azuka\/\">\n\t\t\t\t\t\t\t<img loading=\"lazy\" decoding=\"async\" width=\"1024\" height=\"768\" src=\"https:\/\/graindesablestudio.fr\/wp-content\/uploads\/2026\/02\/Sans-titre-5-02-1024x768.webp\" class=\"attachment-large size-large wp-image-817\" alt=\"\" srcset=\"https:\/\/graindesablestudio.fr\/wp-content\/uploads\/2026\/02\/Sans-titre-5-02-1024x768.webp 1024w, https:\/\/graindesablestudio.fr\/wp-content\/uploads\/2026\/02\/Sans-titre-5-02-300x225.webp 300w, https:\/\/graindesablestudio.fr\/wp-content\/uploads\/2026\/02\/Sans-titre-5-02-768x576.webp 768w, https:\/\/graindesablestudio.fr\/wp-content\/uploads\/2026\/02\/Sans-titre-5-02-1536x1152.webp 1536w, https:\/\/graindesablestudio.fr\/wp-content\/uploads\/2026\/02\/Sans-titre-5-02-2048x1536.webp 2048w\" sizes=\"(max-width: 1024px) 100vw, 1024px\" \/>\t\t\t\t\t\t\t\t<\/a>\n\t\t\t\t\t\t\t\t\t\t\t\t\t\t\t<\/div>\n\t\t\t\t<div class=\"elementor-element elementor-element-5694229 elementor-hidden-mobile elementor-invisible elementor-widget elementor-widget-image\" data-id=\"5694229\" data-element_type=\"widget\" data-e-type=\"widget\" data-settings=\"{&quot;_animation&quot;:&quot;fadeIn&quot;}\" data-widget_type=\"image.default\">\n\t\t\t\t\t\t\t\t\t\t\t\t\t\t\t\t<a href=\"https:\/\/graindesablestudio.fr\/les-nouveaux-chateaux\/\">\n\t\t\t\t\t\t\t<img loading=\"lazy\" decoding=\"async\" width=\"1024\" height=\"768\" src=\"https:\/\/graindesablestudio.fr\/wp-content\/uploads\/2026\/02\/Sans-titre-5-05-1024x768.webp\" class=\"attachment-large size-large wp-image-820\" alt=\"\" srcset=\"https:\/\/graindesablestudio.fr\/wp-content\/uploads\/2026\/02\/Sans-titre-5-05-1024x768.webp 1024w, https:\/\/graindesablestudio.fr\/wp-content\/uploads\/2026\/02\/Sans-titre-5-05-300x225.webp 300w, https:\/\/graindesablestudio.fr\/wp-content\/uploads\/2026\/02\/Sans-titre-5-05-768x576.webp 768w, https:\/\/graindesablestudio.fr\/wp-content\/uploads\/2026\/02\/Sans-titre-5-05-1536x1152.webp 1536w, https:\/\/graindesablestudio.fr\/wp-content\/uploads\/2026\/02\/Sans-titre-5-05-2048x1536.webp 2048w\" sizes=\"(max-width: 1024px) 100vw, 1024px\" \/>\t\t\t\t\t\t\t\t<\/a>\n\t\t\t\t\t\t\t\t\t\t\t\t\t\t\t<\/div>\n\t\t\t\t<\/div>\n\t\t\t\t\t<\/div>\n\t\t\t\t<\/div>\n\t\t<div class=\"elementor-element elementor-element-3e04342 e-flex e-con-boxed e-con e-parent\" data-id=\"3e04342\" data-element_type=\"container\" data-e-type=\"container\" data-settings=\"{&quot;background_background&quot;:&quot;classic&quot;}\">\n\t\t\t\t\t<div class=\"e-con-inner\">\n\t\t\t\t\t<\/div>\n\t\t\t\t<\/div>\n\t\t<div class=\"elementor-element elementor-element-16ba9ba e-flex e-con-boxed e-con e-parent\" data-id=\"16ba9ba\" data-element_type=\"container\" data-e-type=\"container\" data-settings=\"{&quot;background_background&quot;:&quot;classic&quot;}\">\n\t\t\t\t\t<div class=\"e-con-inner\">\n\t\t\t\t\t<\/div>\n\t\t\t\t<\/div>\n\t\t<div class=\"elementor-element elementor-element-6dd1a61 e-flex e-con-boxed e-con e-parent\" data-id=\"6dd1a61\" data-element_type=\"container\" data-e-type=\"container\" data-settings=\"{&quot;background_background&quot;:&quot;classic&quot;}\">\n\t\t\t\t\t<div class=\"e-con-inner\">\n\t\t<div class=\"elementor-element elementor-element-2bcbf47 e-grid e-con-full e-con e-child\" data-id=\"2bcbf47\" data-element_type=\"container\" data-e-type=\"container\">\n\t\t\t\t<div class=\"elementor-element elementor-element-f647482 elementor-invisible elementor-widget elementor-widget-image\" data-id=\"f647482\" data-element_type=\"widget\" data-e-type=\"widget\" data-settings=\"{&quot;_animation&quot;:&quot;fadeIn&quot;}\" data-widget_type=\"image.default\">\n\t\t\t\t\t\t\t\t\t\t\t\t\t\t\t<img loading=\"lazy\" decoding=\"async\" width=\"683\" height=\"1024\" src=\"https:\/\/graindesablestudio.fr\/wp-content\/uploads\/2026\/02\/portrait-oceane-par-ulrike-photographe-vannes-morbihan-26-copie-683x1024.webp\" class=\"attachment-large size-large wp-image-676\" alt=\"\" srcset=\"https:\/\/graindesablestudio.fr\/wp-content\/uploads\/2026\/02\/portrait-oceane-par-ulrike-photographe-vannes-morbihan-26-copie-683x1024.webp 683w, https:\/\/graindesablestudio.fr\/wp-content\/uploads\/2026\/02\/portrait-oceane-par-ulrike-photographe-vannes-morbihan-26-copie-200x300.webp 200w, https:\/\/graindesablestudio.fr\/wp-content\/uploads\/2026\/02\/portrait-oceane-par-ulrike-photographe-vannes-morbihan-26-copie-768x1152.webp 768w, https:\/\/graindesablestudio.fr\/wp-content\/uploads\/2026\/02\/portrait-oceane-par-ulrike-photographe-vannes-morbihan-26-copie-1024x1536.webp 1024w, https:\/\/graindesablestudio.fr\/wp-content\/uploads\/2026\/02\/portrait-oceane-par-ulrike-photographe-vannes-morbihan-26-copie-1365x2048.webp 1365w, https:\/\/graindesablestudio.fr\/wp-content\/uploads\/2026\/02\/portrait-oceane-par-ulrike-photographe-vannes-morbihan-26-copie-scaled.webp 1707w\" sizes=\"(max-width: 683px) 100vw, 683px\" \/>\t\t\t\t\t\t\t\t\t\t\t\t\t\t\t<\/div>\n\t\t\t\t<div class=\"elementor-element elementor-element-08b4f8f elementor-widget__width-initial elementor-absolute elementor-hidden-tablet elementor-hidden-mobile elementor-invisible elementor-widget elementor-widget-image\" data-id=\"08b4f8f\" data-element_type=\"widget\" data-e-type=\"widget\" data-settings=\"{&quot;_position&quot;:&quot;absolute&quot;,&quot;_animation&quot;:&quot;rotateIn&quot;}\" data-widget_type=\"image.default\">\n\t\t\t\t\t\t\t\t\t\t\t\t\t\t\t<img loading=\"lazy\" decoding=\"async\" width=\"1024\" height=\"1024\" src=\"https:\/\/graindesablestudio.fr\/wp-content\/uploads\/2026\/02\/identite-print-1024x1024.png\" class=\"attachment-large size-large wp-image-275\" alt=\"\" srcset=\"https:\/\/graindesablestudio.fr\/wp-content\/uploads\/2026\/02\/identite-print-1024x1024.png 1024w, https:\/\/graindesablestudio.fr\/wp-content\/uploads\/2026\/02\/identite-print-300x300.png 300w, https:\/\/graindesablestudio.fr\/wp-content\/uploads\/2026\/02\/identite-print-150x150.png 150w, https:\/\/graindesablestudio.fr\/wp-content\/uploads\/2026\/02\/identite-print-768x768.png 768w, https:\/\/graindesablestudio.fr\/wp-content\/uploads\/2026\/02\/identite-print.png 1042w\" sizes=\"(max-width: 1024px) 100vw, 1024px\" \/>\t\t\t\t\t\t\t\t\t\t\t\t\t\t\t<\/div>\n\t\t\t\t<div class=\"elementor-element elementor-element-e9da2c3 elementor-widget__width-initial elementor-absolute elementor-hidden-tablet elementor-hidden-mobile elementor-invisible elementor-widget elementor-widget-image\" data-id=\"e9da2c3\" data-element_type=\"widget\" data-e-type=\"widget\" data-settings=\"{&quot;_position&quot;:&quot;absolute&quot;,&quot;_animation&quot;:&quot;rotateIn&quot;}\" data-widget_type=\"image.default\">\n\t\t\t\t\t\t\t\t\t\t\t\t\t\t\t<img loading=\"lazy\" decoding=\"async\" width=\"1024\" height=\"1024\" src=\"https:\/\/graindesablestudio.fr\/wp-content\/uploads\/2026\/02\/identite-print-1024x1024.png\" class=\"attachment-large size-large wp-image-275\" alt=\"\" srcset=\"https:\/\/graindesablestudio.fr\/wp-content\/uploads\/2026\/02\/identite-print-1024x1024.png 1024w, https:\/\/graindesablestudio.fr\/wp-content\/uploads\/2026\/02\/identite-print-300x300.png 300w, https:\/\/graindesablestudio.fr\/wp-content\/uploads\/2026\/02\/identite-print-150x150.png 150w, https:\/\/graindesablestudio.fr\/wp-content\/uploads\/2026\/02\/identite-print-768x768.png 768w, https:\/\/graindesablestudio.fr\/wp-content\/uploads\/2026\/02\/identite-print.png 1042w\" sizes=\"(max-width: 1024px) 100vw, 1024px\" \/>\t\t\t\t\t\t\t\t\t\t\t\t\t\t\t<\/div>\n\t\t<div class=\"elementor-element elementor-element-f65f327 e-con-full e-flex e-con e-child\" data-id=\"f65f327\" data-element_type=\"container\" data-e-type=\"container\" data-settings=\"{&quot;background_background&quot;:&quot;classic&quot;}\">\n\t\t\t\t<div class=\"elementor-element elementor-element-e41f1ad elementor-widget elementor-widget-text-editor\" data-id=\"e41f1ad\" data-element_type=\"widget\" data-e-type=\"widget\" data-widget_type=\"text-editor.default\">\n\t\t\t\t\t\t\t\t\t<h2>Je suis Oc\u00e9ane, <strong>directrice artistique <br \/><\/strong>et fondatrice de Grain de Sable Studio.<\/h2><p>J\u2019accompagne des marques dans la cr\u00e9ation d\u2019identit\u00e9s visuelles strat\u00e9giques et sensibles. Install\u00e9e en Bretagne et inspir\u00e9e par l\u2019oc\u00e9an, je crois aux projets construits avec intention, exigence et authenticit\u00e9.<\/p>\t\t\t\t\t\t\t\t<\/div>\n\t\t\t\t<div class=\"elementor-element elementor-element-2d83a8c elementor-widget elementor-widget-button\" data-id=\"2d83a8c\" data-element_type=\"widget\" data-e-type=\"widget\" data-widget_type=\"button.default\">\n\t\t\t\t\t\t\t\t\t\t<a class=\"elementor-button elementor-button-link elementor-size-sm\" href=\"https:\/\/graindesablestudio.fr\/?page_id=58\">\n\t\t\t\t\t\t<span class=\"elementor-button-content-wrapper\">\n\t\t\t\t\t\t\t\t\t<span class=\"elementor-button-text\">En savoir +<\/span>\n\t\t\t\t\t<\/span>\n\t\t\t\t\t<\/a>\n\t\t\t\t\t\t\t\t<\/div>\n\t\t\t\t<\/div>\n\t\t\t\t<\/div>\n\t\t\t\t\t<\/div>\n\t\t\t\t<\/div>\n\t\t<div class=\"elementor-element elementor-element-1caf4d6 e-flex e-con-boxed e-con e-parent\" data-id=\"1caf4d6\" data-element_type=\"container\" data-e-type=\"container\" data-settings=\"{&quot;background_background&quot;:&quot;classic&quot;}\">\n\t\t\t\t\t<div class=\"e-con-inner\">\n\t\t\t\t\t<\/div>\n\t\t\t\t<\/div>\n\t\t<div class=\"elementor-element elementor-element-781f628 e-flex e-con-boxed e-con e-parent\" data-id=\"781f628\" data-element_type=\"container\" data-e-type=\"container\" data-settings=\"{&quot;background_background&quot;:&quot;classic&quot;}\">\n\t\t\t\t\t<div class=\"e-con-inner\">\n\t\t<div class=\"elementor-element elementor-element-2970290 e-con-full e-flex e-con e-child\" data-id=\"2970290\" data-element_type=\"container\" data-e-type=\"container\" data-settings=\"{&quot;background_background&quot;:&quot;classic&quot;}\">\n\t\t\t\t<div class=\"elementor-element elementor-element-a91af09 elementor-widget elementor-widget-text-editor\" data-id=\"a91af09\" data-element_type=\"widget\" data-e-type=\"widget\" data-widget_type=\"text-editor.default\">\n\t\t\t\t\t\t\t\t\t<p>Chez Grain de Sable Studio, je con\u00e7ois des univers visuels qui refl\u00e8tent la personnalit\u00e9 des marques<\/p>\t\t\t\t\t\t\t\t<\/div>\n\t\t\t\t<\/div>\n\t\t\t\t\t<\/div>\n\t\t\t\t<\/div>\n\t\t<div class=\"elementor-element elementor-element-b5b606f e-flex e-con-boxed e-con e-parent\" data-id=\"b5b606f\" data-element_type=\"container\" data-e-type=\"container\" data-settings=\"{&quot;background_background&quot;:&quot;classic&quot;}\">\n\t\t\t\t\t<div class=\"e-con-inner\">\n\t\t\t\t\t<\/div>\n\t\t\t\t<\/div>\n\t\t<div class=\"elementor-element elementor-element-64ac45b e-flex e-con-boxed e-con e-parent\" data-id=\"64ac45b\" data-element_type=\"container\" data-e-type=\"container\">\n\t\t\t\t\t<div class=\"e-con-inner\">\n\t\t<div class=\"elementor-element elementor-element-237e743 e-con-full e-flex e-con e-child\" data-id=\"237e743\" data-element_type=\"container\" data-e-type=\"container\" data-settings=\"{&quot;background_background&quot;:&quot;classic&quot;}\">\n\t\t\t\t<div class=\"elementor-element elementor-element-dcf0ccc elementor-widget elementor-widget-text-editor\" data-id=\"dcf0ccc\" data-element_type=\"widget\" data-e-type=\"widget\" data-widget_type=\"text-editor.default\">\n\t\t\t\t\t\t\t\t\t<h2>On <strong>fa\u00e7onne<br \/><\/strong>ton univers <strong>ensemble<\/strong> ?<\/h2><p>Fa\u00e7onnons une image de marque align\u00e9e.<\/p>\t\t\t\t\t\t\t\t<\/div>\n\t\t\t\t<div class=\"elementor-element elementor-element-174b2a0 elementor-widget elementor-widget-button\" data-id=\"174b2a0\" data-element_type=\"widget\" data-e-type=\"widget\" data-widget_type=\"button.default\">\n\t\t\t\t\t\t\t\t\t\t<a class=\"elementor-button elementor-button-link elementor-size-sm\" href=\"https:\/\/graindesablestudio.fr\/?page_id=59\">\n\t\t\t\t\t\t<span class=\"elementor-button-content-wrapper\">\n\t\t\t\t\t\t\t\t\t<span class=\"elementor-button-text\"> Commencer un projet<\/span>\n\t\t\t\t\t<\/span>\n\t\t\t\t\t<\/a>\n\t\t\t\t\t\t\t\t<\/div>\n\t\t\t\t<\/div>\n\t\t\t\t\t<\/div>\n\t\t\t\t<\/div>\n\t\t<div class=\"elementor-element elementor-element-23f09f1 e-flex e-con-boxed e-con e-parent\" data-id=\"23f09f1\" data-element_type=\"container\" data-e-type=\"container\" data-settings=\"{&quot;background_background&quot;:&quot;classic&quot;}\">\n\t\t\t\t\t<div class=\"e-con-inner\">\n\t\t\t\t\t<\/div>\n\t\t\t\t<\/div>\n\t\t<div class=\"elementor-element elementor-element-4b9e6fe e-flex e-con-boxed e-con e-parent\" data-id=\"4b9e6fe\" data-element_type=\"container\" data-e-type=\"container\" data-settings=\"{&quot;background_background&quot;:&quot;classic&quot;}\">\n\t\t\t\t\t<div class=\"e-con-inner\">\n\t\t\t\t\t<\/div>\n\t\t\t\t<\/div>\n\t\t<div class=\"elementor-element elementor-element-6d9dacc e-grid e-con-boxed e-con e-parent\" data-id=\"6d9dacc\" data-element_type=\"container\" data-e-type=\"container\" data-settings=\"{&quot;background_background&quot;:&quot;classic&quot;}\">\n\t\t\t\t\t<div class=\"e-con-inner\">\n\t\t\t\t<div class=\"elementor-element elementor-element-84f8c6a elementor-widget elementor-widget-image\" data-id=\"84f8c6a\" data-element_type=\"widget\" data-e-type=\"widget\" data-widget_type=\"image.default\">\n\t\t\t\t\t\t\t\t\t\t\t\t\t\t\t<img loading=\"lazy\" decoding=\"async\" width=\"884\" height=\"414\" src=\"https:\/\/graindesablestudio.fr\/wp-content\/uploads\/2026\/02\/WEB.png\" class=\"attachment-full size-full wp-image-565\" alt=\"\" srcset=\"https:\/\/graindesablestudio.fr\/wp-content\/uploads\/2026\/02\/WEB.png 884w, https:\/\/graindesablestudio.fr\/wp-content\/uploads\/2026\/02\/WEB-300x140.png 300w, https:\/\/graindesablestudio.fr\/wp-content\/uploads\/2026\/02\/WEB-768x360.png 768w\" sizes=\"(max-width: 884px) 100vw, 884px\" \/>\t\t\t\t\t\t\t\t\t\t\t\t\t\t\t<\/div>\n\t\t<div class=\"elementor-element elementor-element-a3a9d5c e-con-full e-flex e-con e-child\" data-id=\"a3a9d5c\" data-element_type=\"container\" data-e-type=\"container\">\n\t\t\t\t<div class=\"elementor-element elementor-element-8f9ec47 elementor-widget elementor-widget-text-editor\" data-id=\"8f9ec47\" data-element_type=\"widget\" data-e-type=\"widget\" data-widget_type=\"text-editor.default\">\n\t\t\t\t\t\t\t\t\t<p><strong>Grain de sable studio<\/strong><\/p><p>Oc\u00e9ane Brillet <br \/><span style=\"font-size: 16px;\">Directrice artistique &amp; graphiste<\/span><\/p>\t\t\t\t\t\t\t\t<\/div>\n\t\t\t\t<div class=\"elementor-element elementor-element-39fd40c elementor-widget elementor-widget-button\" data-id=\"39fd40c\" data-element_type=\"widget\" data-e-type=\"widget\" data-widget_type=\"button.default\">\n\t\t\t\t\t\t\t\t\t\t<a class=\"elementor-button elementor-button-link elementor-size-sm\" href=\"https:\/\/www.instagram.com\/graindesable.studio\/\">\n\t\t\t\t\t\t<span class=\"elementor-button-content-wrapper\">\n\t\t\t\t\t\t\t\t\t<span class=\"elementor-button-text\">Me suivre sur instagram<\/span>\n\t\t\t\t\t<\/span>\n\t\t\t\t\t<\/a>\n\t\t\t\t\t\t\t\t<\/div>\n\t\t\t\t<\/div>\n\t\t<div class=\"elementor-element elementor-element-03a19d9 e-con-full e-flex e-con e-child\" data-id=\"03a19d9\" data-element_type=\"container\" data-e-type=\"container\">\n\t\t\t\t<div class=\"elementor-element elementor-element-9078ed5 elementor-widget elementor-widget-text-editor\" data-id=\"9078ed5\" data-element_type=\"widget\" data-e-type=\"widget\" data-widget_type=\"text-editor.default\">\n\t\t\t\t\t\t\t\t\t<p><strong>Contact<\/strong><\/p><p>graindesablestudio@gmail.com<br \/><span style=\"font-size: 16px;\">06 03 85 36 50<\/span><\/p>\t\t\t\t\t\t\t\t<\/div>\n\t\t\t\t<div class=\"elementor-element elementor-element-9312f61 elementor-widget elementor-widget-button\" data-id=\"9312f61\" data-element_type=\"widget\" data-e-type=\"widget\" data-widget_type=\"button.default\">\n\t\t\t\t\t\t\t\t\t\t<a class=\"elementor-button elementor-button-link elementor-size-sm\" href=\"https:\/\/calendly.com\/graindesablestudio\/30min\">\n\t\t\t\t\t\t<span class=\"elementor-button-content-wrapper\">\n\t\t\t\t\t\t\t\t\t<span class=\"elementor-button-text\">R\u00e9server un appel d\u00e9couverte<\/span>\n\t\t\t\t\t<\/span>\n\t\t\t\t\t<\/a>\n\t\t\t\t\t\t\t\t<\/div>\n\t\t\t\t<\/div>\n\t\t\t\t\t<\/div>\n\t\t\t\t<\/div>\n\t\t<div class=\"elementor-element elementor-element-e00156e e-flex e-con-boxed e-con e-parent\" data-id=\"e00156e\" data-element_type=\"container\" data-e-type=\"container\" data-settings=\"{&quot;background_background&quot;:&quot;classic&quot;}\">\n\t\t\t\t\t<div class=\"e-con-inner\">\n\t\t\t\t<div class=\"elementor-element elementor-element-3c40b50 elementor-widget elementor-widget-text-editor\" data-id=\"3c40b50\" data-element_type=\"widget\" data-e-type=\"widget\" data-widget_type=\"text-editor.default\">\n\t\t\t\t\t\t\t\t\t<p><a href=\"https:\/\/graindesablestudio.fr\/?page_id=1587\"><span style=\"text-decoration: underline;\">Mentions l\u00e9gales<\/span><\/a><\/p>\t\t\t\t\t\t\t\t<\/div>\n\t\t\t\t\t<\/div>\n\t\t\t\t<\/div>\n\t\t\t\t<\/div>\n\t\t","protected":false},"excerpt":{"rendered":"<p>Un studio de design graphique et de direction artistique inspir\u00e9 par les c\u00f4tes bretonnes Chaque marque poss\u00e8de une histoire, une [&hellip;]<\/p>\n","protected":false},"author":1,"featured_media":0,"parent":0,"menu_order":0,"comment_status":"closed","ping_status":"closed","template":"","meta":{"site-sidebar-layout":"no-sidebar","site-content-layout":"","ast-site-content-layout":"full-width-container","site-content-style":"default","site-sidebar-style":"default","ast-global-header-display":"","ast-banner-title-visibility":"","ast-main-header-display":"","ast-hfb-above-header-display":"","ast-hfb-below-header-display":"","ast-hfb-mobile-header-display":"","site-post-title":"disabled","ast-breadcrumbs-content":"","ast-featured-img":"disabled","footer-sml-layout":"","ast-disable-related-posts":"","theme-transparent-header-meta":"","adv-header-id-meta":"","stick-header-meta":"","header-above-stick-meta":"","header-main-stick-meta":"","header-below-stick-meta":"","astra-migrate-meta-layouts":"default","ast-page-background-enabled":"default","ast-page-background-meta":{"desktop":{"background-color":"var(--ast-global-color-5)","background-image":"","background-repeat":"repeat","background-position":"center center","background-size":"auto","background-attachment":"scroll","background-type":"","background-media":"","overlay-type":"","overlay-color":"","overlay-opacity":"","overlay-gradient":""},"tablet":{"background-color":"","background-image":"","background-repeat":"repeat","background-position":"center center","background-size":"auto","background-attachment":"scroll","background-type":"","background-media":"","overlay-type":"","overlay-color":"","overlay-opacity":"","overlay-gradient":""},"mobile":{"background-color":"","background-image":"","background-repeat":"repeat","background-position":"center center","background-size":"auto","background-attachment":"scroll","background-type":"","background-media":"","overlay-type":"","overlay-color":"","overlay-opacity":"","overlay-gradient":""}},"ast-content-background-meta":{"desktop":{"background-color":"var(--ast-global-color-4)","background-image":"","background-repeat":"repeat","background-position":"center center","background-size":"auto","background-attachment":"scroll","background-type":"","background-media":"","overlay-type":"","overlay-color":"","overlay-opacity":"","overlay-gradient":""},"tablet":{"background-color":"var(--ast-global-color-4)","background-image":"","background-repeat":"repeat","background-position":"center center","background-size":"auto","background-attachment":"scroll","background-type":"","background-media":"","overlay-type":"","overlay-color":"","overlay-opacity":"","overlay-gradient":""},"mobile":{"background-color":"var(--ast-global-color-4)","background-image":"","background-repeat":"repeat","background-position":"center center","background-size":"auto","background-attachment":"scroll","background-type":"","background-media":"","overlay-type":"","overlay-color":"","overlay-opacity":"","overlay-gradient":""}},"footnotes":""},"class_list":["post-200","page","type-page","status-publish","hentry"],"yoast_head":"<!-- This site is optimized with the Yoast SEO plugin v28.4 - https:\/\/yoast.com\/product\/yoast-seo-wordpress\/ -->\n<title>Accueil -<\/title>\n<meta name=\"description\" content=\"Graphiste et directrice artistique, Grain de Sable Studio aide les marques \u00e0 reveler leur essence avec justesse, intention et sensibilit\u00e9. Identit\u00e9s visuelles, sites web, supports de communication imprim\u00e9s et num\u00e9riques, r\u00e9seaux sociaux ...\" \/>\n<meta name=\"robots\" content=\"index, follow, max-snippet:-1, max-image-preview:large, max-video-preview:-1\" \/>\n<link rel=\"canonical\" href=\"https:\/\/graindesablestudio.fr\/\" \/>\n<meta property=\"og:locale\" content=\"fr_FR\" \/>\n<meta property=\"og:type\" content=\"article\" \/>\n<meta property=\"og:title\" content=\"Accueil -\" \/>\n<meta property=\"og:description\" content=\"Graphiste et directrice artistique, Grain de Sable Studio aide les marques \u00e0 reveler leur essence avec justesse, intention et sensibilit\u00e9. Identit\u00e9s visuelles, sites web, supports de communication imprim\u00e9s et num\u00e9riques, r\u00e9seaux sociaux ...\" \/>\n<meta property=\"og:url\" content=\"https:\/\/graindesablestudio.fr\/\" \/>\n<meta property=\"article:modified_time\" content=\"2026-08-09T06:51:03+00:00\" \/>\n<meta property=\"og:image\" content=\"https:\/\/graindesablestudio.fr\/wp-content\/uploads\/2026\/02\/portrait-oceane-par-ulrike-photographe-vannes-morbihan-22-copie-scaled.webp\" \/>\n\t<meta property=\"og:image:width\" content=\"1707\" \/>\n\t<meta property=\"og:image:height\" content=\"2560\" \/>\n\t<meta property=\"og:image:type\" content=\"image\/webp\" \/>\n<meta name=\"twitter:card\" content=\"summary_large_image\" \/>\n<meta name=\"twitter:label1\" content=\"Dur\u00e9e de lecture estim\u00e9e\" \/>\n\t<meta name=\"twitter:data1\" content=\"2 minutes\" \/>\n<script type=\"application\/ld+json\" class=\"yoast-schema-graph\">{\"@context\":\"https:\\\/\\\/schema.org\",\"@graph\":[{\"@type\":\"WebPage\",\"@id\":\"https:\\\/\\\/graindesablestudio.fr\\\/\",\"url\":\"https:\\\/\\\/graindesablestudio.fr\\\/\",\"name\":\"Accueil -\",\"isPartOf\":{\"@id\":\"https:\\\/\\\/graindesablestudio.fr\\\/#website\"},\"primaryImageOfPage\":{\"@id\":\"https:\\\/\\\/graindesablestudio.fr\\\/#primaryimage\"},\"image\":{\"@id\":\"https:\\\/\\\/graindesablestudio.fr\\\/#primaryimage\"},\"thumbnailUrl\":\"https:\\\/\\\/graindesablestudio.fr\\\/wp-content\\\/uploads\\\/2026\\\/02\\\/portrait-oceane-par-ulrike-photographe-vannes-morbihan-22-copie-683x1024.webp\",\"datePublished\":\"2026-02-16T18:38:48+00:00\",\"dateModified\":\"2026-08-09T06:51:03+00:00\",\"description\":\"Graphiste et directrice artistique, Grain de Sable Studio aide les marques \u00e0 reveler leur essence avec justesse, intention et sensibilit\u00e9. Identit\u00e9s visuelles, sites web, supports de communication imprim\u00e9s et num\u00e9riques, r\u00e9seaux sociaux ...\",\"breadcrumb\":{\"@id\":\"https:\\\/\\\/graindesablestudio.fr\\\/#breadcrumb\"},\"inLanguage\":\"fr-FR\",\"potentialAction\":[{\"@type\":\"ReadAction\",\"target\":[\"https:\\\/\\\/graindesablestudio.fr\\\/\"]}]},{\"@type\":\"ImageObject\",\"inLanguage\":\"fr-FR\",\"@id\":\"https:\\\/\\\/graindesablestudio.fr\\\/#primaryimage\",\"url\":\"https:\\\/\\\/graindesablestudio.fr\\\/wp-content\\\/uploads\\\/2026\\\/02\\\/portrait-oceane-par-ulrike-photographe-vannes-morbihan-22-copie-scaled.webp\",\"contentUrl\":\"https:\\\/\\\/graindesablestudio.fr\\\/wp-content\\\/uploads\\\/2026\\\/02\\\/portrait-oceane-par-ulrike-photographe-vannes-morbihan-22-copie-scaled.webp\",\"width\":1707,\"height\":2560},{\"@type\":\"BreadcrumbList\",\"@id\":\"https:\\\/\\\/graindesablestudio.fr\\\/#breadcrumb\",\"itemListElement\":[{\"@type\":\"ListItem\",\"position\":1,\"name\":\"Accueil\",\"item\":\"https:\\\/\\\/graindesablestudio.fr\\\/\"},{\"@type\":\"ListItem\",\"position\":2,\"name\":\"Accueil\"}]},{\"@type\":\"WebSite\",\"@id\":\"https:\\\/\\\/graindesablestudio.fr\\\/#website\",\"url\":\"https:\\\/\\\/graindesablestudio.fr\\\/\",\"name\":\"Grain de sable studio graphique\",\"description\":\"\",\"publisher\":{\"@id\":\"https:\\\/\\\/graindesablestudio.fr\\\/#organization\"},\"potentialAction\":[{\"@type\":\"SearchAction\",\"target\":{\"@type\":\"EntryPoint\",\"urlTemplate\":\"https:\\\/\\\/graindesablestudio.fr\\\/?s={search_term_string}\"},\"query-input\":{\"@type\":\"PropertyValueSpecification\",\"valueRequired\":true,\"valueName\":\"search_term_string\"}}],\"inLanguage\":\"fr-FR\"},{\"@type\":\"Organization\",\"@id\":\"https:\\\/\\\/graindesablestudio.fr\\\/#organization\",\"name\":\"Grain de sable studio\",\"url\":\"https:\\\/\\\/graindesablestudio.fr\\\/\",\"logo\":{\"@type\":\"ImageObject\",\"inLanguage\":\"fr-FR\",\"@id\":\"https:\\\/\\\/graindesablestudio.fr\\\/#\\\/schema\\\/logo\\\/image\\\/\",\"url\":\"https:\\\/\\\/graindesablestudio.fr\\\/wp-content\\\/uploads\\\/2026\\\/02\\\/cropped-LOGOSEULai.png\",\"contentUrl\":\"https:\\\/\\\/graindesablestudio.fr\\\/wp-content\\\/uploads\\\/2026\\\/02\\\/cropped-LOGOSEULai.png\",\"width\":884,\"height\":382,\"caption\":\"Grain de sable studio\"},\"image\":{\"@id\":\"https:\\\/\\\/graindesablestudio.fr\\\/#\\\/schema\\\/logo\\\/image\\\/\"},\"sameAs\":[\"https:\\\/\\\/www.instagram.com\\\/graindesable.studio\\\/\"]}]}<\/script>\n<!-- \/ Yoast SEO plugin. -->","yoast_head_json":{"title":"Accueil -","description":"Graphiste et directrice artistique, Grain de Sable Studio aide les marques \u00e0 reveler leur essence avec justesse, intention et sensibilit\u00e9. Identit\u00e9s visuelles, sites web, supports de communication imprim\u00e9s et num\u00e9riques, r\u00e9seaux sociaux ...","robots":{"index":"index","follow":"follow","max-snippet":"max-snippet:-1","max-image-preview":"max-image-preview:large","max-video-preview":"max-video-preview:-1"},"canonical":"https:\/\/graindesablestudio.fr\/","og_locale":"fr_FR","og_type":"article","og_title":"Accueil -","og_description":"Graphiste et directrice artistique, Grain de Sable Studio aide les marques \u00e0 reveler leur essence avec justesse, intention et sensibilit\u00e9. Identit\u00e9s visuelles, sites web, supports de communication imprim\u00e9s et num\u00e9riques, r\u00e9seaux sociaux ...","og_url":"https:\/\/graindesablestudio.fr\/","article_modified_time":"2026-08-09T06:51:03+00:00","og_image":[{"width":1707,"height":2560,"url":"https:\/\/graindesablestudio.fr\/wp-content\/uploads\/2026\/02\/portrait-oceane-par-ulrike-photographe-vannes-morbihan-22-copie-scaled.webp","type":"image\/webp"}],"twitter_card":"summary_large_image","twitter_misc":{"Dur\u00e9e de lecture estim\u00e9e":"2 minutes"},"schema":{"@context":"https:\/\/schema.org","@graph":[{"@type":"WebPage","@id":"https:\/\/graindesablestudio.fr\/","url":"https:\/\/graindesablestudio.fr\/","name":"Accueil -","isPartOf":{"@id":"https:\/\/graindesablestudio.fr\/#website"},"primaryImageOfPage":{"@id":"https:\/\/graindesablestudio.fr\/#primaryimage"},"image":{"@id":"https:\/\/graindesablestudio.fr\/#primaryimage"},"thumbnailUrl":"https:\/\/graindesablestudio.fr\/wp-content\/uploads\/2026\/02\/portrait-oceane-par-ulrike-photographe-vannes-morbihan-22-copie-683x1024.webp","datePublished":"2026-02-16T18:38:48+00:00","dateModified":"2026-08-09T06:51:03+00:00","description":"Graphiste et directrice artistique, Grain de Sable Studio aide les marques \u00e0 reveler leur essence avec justesse, intention et sensibilit\u00e9. Identit\u00e9s visuelles, sites web, supports de communication imprim\u00e9s et num\u00e9riques, r\u00e9seaux sociaux ...","breadcrumb":{"@id":"https:\/\/graindesablestudio.fr\/#breadcrumb"},"inLanguage":"fr-FR","potentialAction":[{"@type":"ReadAction","target":["https:\/\/graindesablestudio.fr\/"]}]},{"@type":"ImageObject","inLanguage":"fr-FR","@id":"https:\/\/graindesablestudio.fr\/#primaryimage","url":"https:\/\/graindesablestudio.fr\/wp-content\/uploads\/2026\/02\/portrait-oceane-par-ulrike-photographe-vannes-morbihan-22-copie-scaled.webp","contentUrl":"https:\/\/graindesablestudio.fr\/wp-content\/uploads\/2026\/02\/portrait-oceane-par-ulrike-photographe-vannes-morbihan-22-copie-scaled.webp","width":1707,"height":2560},{"@type":"BreadcrumbList","@id":"https:\/\/graindesablestudio.fr\/#breadcrumb","itemListElement":[{"@type":"ListItem","position":1,"name":"Accueil","item":"https:\/\/graindesablestudio.fr\/"},{"@type":"ListItem","position":2,"name":"Accueil"}]},{"@type":"WebSite","@id":"https:\/\/graindesablestudio.fr\/#website","url":"https:\/\/graindesablestudio.fr\/","name":"Grain de sable studio graphique","description":"","publisher":{"@id":"https:\/\/graindesablestudio.fr\/#organization"},"potentialAction":[{"@type":"SearchAction","target":{"@type":"EntryPoint","urlTemplate":"https:\/\/graindesablestudio.fr\/?s={search_term_string}"},"query-input":{"@type":"PropertyValueSpecification","valueRequired":true,"valueName":"search_term_string"}}],"inLanguage":"fr-FR"},{"@type":"Organization","@id":"https:\/\/graindesablestudio.fr\/#organization","name":"Grain de sable studio","url":"https:\/\/graindesablestudio.fr\/","logo":{"@type":"ImageObject","inLanguage":"fr-FR","@id":"https:\/\/graindesablestudio.fr\/#\/schema\/logo\/image\/","url":"https:\/\/graindesablestudio.fr\/wp-content\/uploads\/2026\/02\/cropped-LOGOSEULai.png","contentUrl":"https:\/\/graindesablestudio.fr\/wp-content\/uploads\/2026\/02\/cropped-LOGOSEULai.png","width":884,"height":382,"caption":"Grain de sable studio"},"image":{"@id":"https:\/\/graindesablestudio.fr\/#\/schema\/logo\/image\/"},"sameAs":["https:\/\/www.instagram.com\/graindesable.studio\/"]}]}},"_links":{"self":[{"href":"https:\/\/graindesablestudio.fr\/index.php?rest_route=\/wp\/v2\/pages\/200","targetHints":{"allow":["GET"]}}],"collection":[{"href":"https:\/\/graindesablestudio.fr\/index.php?rest_route=\/wp\/v2\/pages"}],"about":[{"href":"https:\/\/graindesablestudio.fr\/index.php?rest_route=\/wp\/v2\/types\/page"}],"author":[{"embeddable":true,"href":"https:\/\/graindesablestudio.fr\/index.php?rest_route=\/wp\/v2\/users\/1"}],"replies":[{"embeddable":true,"href":"https:\/\/graindesablestudio.fr\/index.php?rest_route=%2Fwp%2Fv2%2Fcomments&post=200"}],"version-history":[{"count":317,"href":"https:\/\/graindesablestudio.fr\/index.php?rest_route=\/wp\/v2\/pages\/200\/revisions"}],"predecessor-version":[{"id":1789,"href":"https:\/\/graindesablestudio.fr\/index.php?rest_route=\/wp\/v2\/pages\/200\/revisions\/1789"}],"wp:attachment":[{"href":"https:\/\/graindesablestudio.fr\/index.php?rest_route=%2Fwp%2Fv2%2Fmedia&parent=200"}],"curies":[{"name":"wp","href":"https:\/\/api.w.org\/{rel}","templated":true}]}}