{"id":1587,"date":"2026-04-01T21:11:39","date_gmt":"2026-04-01T19:11:39","guid":{"rendered":"http:\/\/graindesablestudio.fr\/?page_id=1587"},"modified":"2026-04-14T10:31:05","modified_gmt":"2026-04-14T08:31:05","slug":"mentions-legales","status":"publish","type":"page","link":"https:\/\/graindesablestudio.fr\/?page_id=1587","title":{"rendered":"mentions l\u00e9gales"},"content":{"rendered":"\t\t<div data-elementor-type=\"wp-page\" data-elementor-id=\"1587\" class=\"elementor elementor-1587\">\n\t\t\t\t<div class=\"elementor-element elementor-element-ebc665d e-con-full e-flex e-con e-child\" data-id=\"ebc665d\" data-element_type=\"container\" data-e-type=\"container\" data-settings=\"{&quot;background_background&quot;:&quot;classic&quot;}\">\n\t\t\t\t<\/div>\n\t\t<div class=\"elementor-element elementor-element-4579795 e-con-full e-flex e-con e-child\" data-id=\"4579795\" data-element_type=\"container\" data-e-type=\"container\" data-settings=\"{&quot;background_background&quot;:&quot;classic&quot;}\">\n\t\t\t\t<div class=\"elementor-element elementor-element-18499b5 elementor-widget elementor-widget-text-editor\" data-id=\"18499b5\" data-element_type=\"widget\" data-e-type=\"widget\" data-widget_type=\"text-editor.default\">\n\t\t\t\t\t\t\t\t\t<h2 data-section-id=\"tn4gmt\" data-start=\"64\" data-end=\"85\">Mentions l\u00e9gales<\/h2><p data-start=\"87\" data-end=\"339\"><strong data-start=\"87\" data-end=\"106\">\u00c9diteur du site<\/strong><br data-start=\"106\" data-end=\"109\" \/>Le pr\u00e9sent site est \u00e9dit\u00e9 par :<br data-start=\"140\" data-end=\"143\" \/><strong data-start=\"143\" data-end=\"184\">Oc\u00e9ane Brillet \u2022 Grain de sable studio<\/strong><br data-start=\"184\" data-end=\"187\" \/>Statut : Entreprise individuelle<br data-start=\"212\" data-end=\"215\" \/>SIRET : 94156008800010<br \/>Adresse : 47 rue Pierre et Marie Curie 56890 Saint-av\u00e9<br data-start=\"275\" data-end=\"278\" \/>Email : graindesablestudio@gmail.com<br data-start=\"301\" data-end=\"304\" \/>T\u00e9l\u00e9phone : 0603853650<\/p><p data-start=\"341\" data-end=\"393\"><strong data-start=\"341\" data-end=\"373\">Directrice de la publication<\/strong><br data-start=\"373\" data-end=\"376\" \/>Oc\u00e9ane Brillet<\/p><hr data-start=\"395\" data-end=\"398\" \/><p data-start=\"400\" data-end=\"592\"><strong data-start=\"400\" data-end=\"423\"><br \/>H\u00e9bergement du site<\/strong><br data-start=\"423\" data-end=\"426\" \/>Le site est h\u00e9berg\u00e9 par : OVH SAS<br data-start=\"478\" data-end=\"481\" \/>Adresse : 2 rue Kellermann &#8211; 59100 Roubaix &#8211; France<br data-start=\"556\" data-end=\"559\" \/>Site web : https:\/\/www.ovhcloud.com\/<\/p><hr data-start=\"594\" data-end=\"597\" \/><p data-start=\"599\" data-end=\"817\"><strong data-start=\"599\" data-end=\"627\">Propri\u00e9t\u00e9 intellectuelle<\/strong><br data-start=\"627\" data-end=\"630\" \/>L\u2019ensemble des \u00e9l\u00e9ments pr\u00e9sents sur ce site (textes, images, graphismes, logo, identit\u00e9 visuelle, etc.) est la propri\u00e9t\u00e9 exclusive de grain de sable studio, sauf mention contraire.<br \/>Les photographies portraits pr\u00e9sentes sur ce site sont la propri\u00e9t\u00e9 de <a href=\"https:\/\/yriss.fr\"><strong data-start=\"880\" data-end=\"896\">Maison Yriss<\/strong><\/a> et sont utilis\u00e9es avec son autorisation.<br \/>Toute reproduction, repr\u00e9sentation, modification, publication, adaptation de tout ou partie des \u00e9l\u00e9ments du site, quel que soit le moyen ou le proc\u00e9d\u00e9 utilis\u00e9, est interdite sans autorisation \u00e9crite pr\u00e9alable.<\/p><hr data-start=\"1154\" data-end=\"1157\" \/><p data-start=\"1159\" data-end=\"1389\"><strong data-start=\"1159\" data-end=\"1177\"><br \/>Responsabilit\u00e9<\/strong><br data-start=\"1177\" data-end=\"1180\" \/>Les informations fournies sur ce site sont donn\u00e9es \u00e0 titre indicatif. Grain de sable studio s\u2019efforce de les maintenir \u00e0 jour, mais ne saurait garantir leur exactitude, leur compl\u00e9tude ou leur actualit\u00e9. L\u2019\u00e9diteur ne pourra \u00eatre tenu responsable des dommages directs ou indirects r\u00e9sultant de l\u2019acc\u00e8s au site ou de son utilisation.<\/p><hr data-start=\"1522\" data-end=\"1525\" \/><p data-start=\"1527\" data-end=\"1725\"><strong data-start=\"1527\" data-end=\"1551\"><br \/>Donn\u00e9es personnelles<\/strong><br data-start=\"1551\" data-end=\"1554\" \/>Les informations \u00e9ventuellement recueillies via les formulaires du site sont destin\u00e9es uniquement \u00e0 Grain de sable studio et ne sont en aucun cas c\u00e9d\u00e9es \u00e0 des tiers. <span style=\"font-size: 16px;\">Conform\u00e9ment au <\/span><strong style=\"font-size: 16px;\" data-start=\"1743\" data-end=\"1801\">R\u00e8glement G\u00e9n\u00e9ral sur la Protection des Donn\u00e9es (RGPD)<\/strong><span style=\"font-size: 16px;\">, vous disposez d\u2019un droit d\u2019acc\u00e8s, de rectification et de suppression des donn\u00e9es vous concernant. <\/span><span style=\"font-size: 16px;\">Pour exercer ce droit, vous pouvez contacter : graindesablestudio@gmail.com<\/span><\/p><hr data-start=\"1970\" data-end=\"1973\" \/><p data-start=\"1975\" data-end=\"2107\"><strong data-start=\"1975\" data-end=\"1986\"><br \/>Cookies<\/strong><br data-start=\"1986\" data-end=\"1989\" \/>Le site peut utiliser des cookies afin d\u2019am\u00e9liorer l\u2019exp\u00e9rience utilisateur et r\u00e9aliser des statistiques de visites.<br \/>Vous pouvez \u00e0 tout moment configurer votre navigateur pour refuser les cookies.<\/p><hr data-start=\"2192\" data-end=\"2195\" \/><p data-start=\"2197\" data-end=\"2267\"><strong data-start=\"2197\" data-end=\"2217\"><br \/>Droit applicable<\/strong><br data-start=\"2217\" data-end=\"2220\" \/>Le pr\u00e9sent site est soumis au droit fran\u00e7ais<\/p>\t\t\t\t\t\t\t\t<\/div>\n\t\t\t\t<\/div>\n\t\t\t\t<\/div>\n\t\t","protected":false},"excerpt":{"rendered":"<p>Mentions l\u00e9gales \u00c9diteur du siteLe pr\u00e9sent site est \u00e9dit\u00e9 par :Oc\u00e9ane Brillet \u2022 Grain de sable studioStatut : Entreprise individuelleSIRET [&hellip;]<\/p>\n","protected":false},"author":1,"featured_media":0,"parent":0,"menu_order":0,"comment_status":"closed","ping_status":"closed","template":"","meta":{"site-sidebar-layout":"no-sidebar","site-content-layout":"","ast-site-content-layout":"full-width-container","site-content-style":"default","site-sidebar-style":"default","ast-global-header-display":"","ast-banner-title-visibility":"","ast-main-header-display":"","ast-hfb-above-header-display":"","ast-hfb-below-header-display":"","ast-hfb-mobile-header-display":"","site-post-title":"disabled","ast-breadcrumbs-content":"","ast-featured-img":"disabled","footer-sml-layout":"","ast-disable-related-posts":"","theme-transparent-header-meta":"","adv-header-id-meta":"","stick-header-meta":"","header-above-stick-meta":"","header-main-stick-meta":"","header-below-stick-meta":"","astra-migrate-meta-layouts":"default","ast-page-background-enabled":"default","ast-page-background-meta":{"desktop":{"background-color":"var(--ast-global-color-5)","background-image":"","background-repeat":"repeat","background-position":"center center","background-size":"auto","background-attachment":"scroll","background-type":"","background-media":"","overlay-type":"","overlay-color":"","overlay-opacity":"","overlay-gradient":""},"tablet":{"background-color":"","background-image":"","background-repeat":"repeat","background-position":"center center","background-size":"auto","background-attachment":"scroll","background-type":"","background-media":"","overlay-type":"","overlay-color":"","overlay-opacity":"","overlay-gradient":""},"mobile":{"background-color":"","background-image":"","background-repeat":"repeat","background-position":"center center","background-size":"auto","background-attachment":"scroll","background-type":"","background-media":"","overlay-type":"","overlay-color":"","overlay-opacity":"","overlay-gradient":""}},"ast-content-background-meta":{"desktop":{"background-color":"var(--ast-global-color-4)","background-image":"","background-repeat":"repeat","background-position":"center center","background-size":"auto","background-attachment":"scroll","background-type":"","background-media":"","overlay-type":"","overlay-color":"","overlay-opacity":"","overlay-gradient":""},"tablet":{"background-color":"var(--ast-global-color-4)","background-image":"","background-repeat":"repeat","background-position":"center center","background-size":"auto","background-attachment":"scroll","background-type":"","background-media":"","overlay-type":"","overlay-color":"","overlay-opacity":"","overlay-gradient":""},"mobile":{"background-color":"var(--ast-global-color-4)","background-image":"","background-repeat":"repeat","background-position":"center center","background-size":"auto","background-attachment":"scroll","background-type":"","background-media":"","overlay-type":"","overlay-color":"","overlay-opacity":"","overlay-gradient":""}},"footnotes":""},"class_list":["post-1587","page","type-page","status-publish","hentry"],"yoast_head":"<!-- This site is optimized with the Yoast SEO plugin v28.4 - https:\/\/yoast.com\/product\/yoast-seo-wordpress\/ -->\n<title>mentions l\u00e9gales -<\/title>\n<meta name=\"description\" content=\"Graphiste et directrice artistique, Grain de Sable Studio aide les marques \u00e0 reveler leur essence avec justesse, intention et sensibilit\u00e9. Identit\u00e9s visuelles, sites web, supports de communication imprim\u00e9s et num\u00e9riques, r\u00e9seaux sociaux ...\" \/>\n<meta name=\"robots\" content=\"index, follow, max-snippet:-1, max-image-preview:large, max-video-preview:-1\" \/>\n<link rel=\"canonical\" href=\"https:\/\/graindesablestudio.fr\/?page_id=1587\" \/>\n<meta property=\"og:locale\" content=\"fr_FR\" \/>\n<meta property=\"og:type\" content=\"article\" \/>\n<meta property=\"og:title\" content=\"mentions l\u00e9gales -\" \/>\n<meta property=\"og:description\" content=\"Graphiste et directrice artistique, Grain de Sable Studio aide les marques \u00e0 reveler leur essence avec justesse, intention et sensibilit\u00e9. Identit\u00e9s visuelles, sites web, supports de communication imprim\u00e9s et num\u00e9riques, r\u00e9seaux sociaux ...\" \/>\n<meta property=\"og:url\" content=\"https:\/\/graindesablestudio.fr\/?page_id=1587\" \/>\n<meta property=\"article:modified_time\" content=\"2026-04-14T08:31:05+00:00\" \/>\n<meta name=\"twitter:card\" content=\"summary_large_image\" \/>\n<meta name=\"twitter:label1\" content=\"Dur\u00e9e de lecture estim\u00e9e\" \/>\n\t<meta name=\"twitter:data1\" content=\"2 minutes\" \/>\n<script type=\"application\/ld+json\" class=\"yoast-schema-graph\">{\"@context\":\"https:\\\/\\\/schema.org\",\"@graph\":[{\"@type\":\"WebPage\",\"@id\":\"https:\\\/\\\/graindesablestudio.fr\\\/?page_id=1587\",\"url\":\"https:\\\/\\\/graindesablestudio.fr\\\/?page_id=1587\",\"name\":\"mentions l\u00e9gales -\",\"isPartOf\":{\"@id\":\"https:\\\/\\\/graindesablestudio.fr\\\/#website\"},\"datePublished\":\"2026-04-01T19:11:39+00:00\",\"dateModified\":\"2026-04-14T08:31:05+00:00\",\"description\":\"Graphiste et directrice artistique, Grain de Sable Studio aide les marques \u00e0 reveler leur essence avec justesse, intention et sensibilit\u00e9. Identit\u00e9s visuelles, sites web, supports de communication imprim\u00e9s et num\u00e9riques, r\u00e9seaux sociaux ...\",\"breadcrumb\":{\"@id\":\"https:\\\/\\\/graindesablestudio.fr\\\/?page_id=1587#breadcrumb\"},\"inLanguage\":\"fr-FR\",\"potentialAction\":[{\"@type\":\"ReadAction\",\"target\":[\"https:\\\/\\\/graindesablestudio.fr\\\/?page_id=1587\"]}]},{\"@type\":\"BreadcrumbList\",\"@id\":\"https:\\\/\\\/graindesablestudio.fr\\\/?page_id=1587#breadcrumb\",\"itemListElement\":[{\"@type\":\"ListItem\",\"position\":1,\"name\":\"Accueil\",\"item\":\"https:\\\/\\\/graindesablestudio.fr\\\/\"},{\"@type\":\"ListItem\",\"position\":2,\"name\":\"mentions l\u00e9gales\"}]},{\"@type\":\"WebSite\",\"@id\":\"https:\\\/\\\/graindesablestudio.fr\\\/#website\",\"url\":\"https:\\\/\\\/graindesablestudio.fr\\\/\",\"name\":\"Grain de sable studio graphique\",\"description\":\"\",\"publisher\":{\"@id\":\"https:\\\/\\\/graindesablestudio.fr\\\/#organization\"},\"potentialAction\":[{\"@type\":\"SearchAction\",\"target\":{\"@type\":\"EntryPoint\",\"urlTemplate\":\"https:\\\/\\\/graindesablestudio.fr\\\/?s={search_term_string}\"},\"query-input\":{\"@type\":\"PropertyValueSpecification\",\"valueRequired\":true,\"valueName\":\"search_term_string\"}}],\"inLanguage\":\"fr-FR\"},{\"@type\":\"Organization\",\"@id\":\"https:\\\/\\\/graindesablestudio.fr\\\/#organization\",\"name\":\"Grain de sable studio\",\"url\":\"https:\\\/\\\/graindesablestudio.fr\\\/\",\"logo\":{\"@type\":\"ImageObject\",\"inLanguage\":\"fr-FR\",\"@id\":\"https:\\\/\\\/graindesablestudio.fr\\\/#\\\/schema\\\/logo\\\/image\\\/\",\"url\":\"https:\\\/\\\/graindesablestudio.fr\\\/wp-content\\\/uploads\\\/2026\\\/02\\\/cropped-LOGOSEULai.png\",\"contentUrl\":\"https:\\\/\\\/graindesablestudio.fr\\\/wp-content\\\/uploads\\\/2026\\\/02\\\/cropped-LOGOSEULai.png\",\"width\":884,\"height\":382,\"caption\":\"Grain de sable studio\"},\"image\":{\"@id\":\"https:\\\/\\\/graindesablestudio.fr\\\/#\\\/schema\\\/logo\\\/image\\\/\"},\"sameAs\":[\"https:\\\/\\\/www.instagram.com\\\/graindesable.studio\\\/\"]}]}<\/script>\n<!-- \/ Yoast SEO plugin. -->","yoast_head_json":{"title":"mentions l\u00e9gales -","description":"Graphiste et directrice artistique, Grain de Sable Studio aide les marques \u00e0 reveler leur essence avec justesse, intention et sensibilit\u00e9. Identit\u00e9s visuelles, sites web, supports de communication imprim\u00e9s et num\u00e9riques, r\u00e9seaux sociaux ...","robots":{"index":"index","follow":"follow","max-snippet":"max-snippet:-1","max-image-preview":"max-image-preview:large","max-video-preview":"max-video-preview:-1"},"canonical":"https:\/\/graindesablestudio.fr\/?page_id=1587","og_locale":"fr_FR","og_type":"article","og_title":"mentions l\u00e9gales -","og_description":"Graphiste et directrice artistique, Grain de Sable Studio aide les marques \u00e0 reveler leur essence avec justesse, intention et sensibilit\u00e9. Identit\u00e9s visuelles, sites web, supports de communication imprim\u00e9s et num\u00e9riques, r\u00e9seaux sociaux ...","og_url":"https:\/\/graindesablestudio.fr\/?page_id=1587","article_modified_time":"2026-04-14T08:31:05+00:00","twitter_card":"summary_large_image","twitter_misc":{"Dur\u00e9e de lecture estim\u00e9e":"2 minutes"},"schema":{"@context":"https:\/\/schema.org","@graph":[{"@type":"WebPage","@id":"https:\/\/graindesablestudio.fr\/?page_id=1587","url":"https:\/\/graindesablestudio.fr\/?page_id=1587","name":"mentions l\u00e9gales -","isPartOf":{"@id":"https:\/\/graindesablestudio.fr\/#website"},"datePublished":"2026-04-01T19:11:39+00:00","dateModified":"2026-04-14T08:31:05+00:00","description":"Graphiste et directrice artistique, Grain de Sable Studio aide les marques \u00e0 reveler leur essence avec justesse, intention et sensibilit\u00e9. Identit\u00e9s visuelles, sites web, supports de communication imprim\u00e9s et num\u00e9riques, r\u00e9seaux sociaux ...","breadcrumb":{"@id":"https:\/\/graindesablestudio.fr\/?page_id=1587#breadcrumb"},"inLanguage":"fr-FR","potentialAction":[{"@type":"ReadAction","target":["https:\/\/graindesablestudio.fr\/?page_id=1587"]}]},{"@type":"BreadcrumbList","@id":"https:\/\/graindesablestudio.fr\/?page_id=1587#breadcrumb","itemListElement":[{"@type":"ListItem","position":1,"name":"Accueil","item":"https:\/\/graindesablestudio.fr\/"},{"@type":"ListItem","position":2,"name":"mentions l\u00e9gales"}]},{"@type":"WebSite","@id":"https:\/\/graindesablestudio.fr\/#website","url":"https:\/\/graindesablestudio.fr\/","name":"Grain de sable studio graphique","description":"","publisher":{"@id":"https:\/\/graindesablestudio.fr\/#organization"},"potentialAction":[{"@type":"SearchAction","target":{"@type":"EntryPoint","urlTemplate":"https:\/\/graindesablestudio.fr\/?s={search_term_string}"},"query-input":{"@type":"PropertyValueSpecification","valueRequired":true,"valueName":"search_term_string"}}],"inLanguage":"fr-FR"},{"@type":"Organization","@id":"https:\/\/graindesablestudio.fr\/#organization","name":"Grain de sable studio","url":"https:\/\/graindesablestudio.fr\/","logo":{"@type":"ImageObject","inLanguage":"fr-FR","@id":"https:\/\/graindesablestudio.fr\/#\/schema\/logo\/image\/","url":"https:\/\/graindesablestudio.fr\/wp-content\/uploads\/2026\/02\/cropped-LOGOSEULai.png","contentUrl":"https:\/\/graindesablestudio.fr\/wp-content\/uploads\/2026\/02\/cropped-LOGOSEULai.png","width":884,"height":382,"caption":"Grain de sable studio"},"image":{"@id":"https:\/\/graindesablestudio.fr\/#\/schema\/logo\/image\/"},"sameAs":["https:\/\/www.instagram.com\/graindesable.studio\/"]}]}},"_links":{"self":[{"href":"https:\/\/graindesablestudio.fr\/index.php?rest_route=\/wp\/v2\/pages\/1587","targetHints":{"allow":["GET"]}}],"collection":[{"href":"https:\/\/graindesablestudio.fr\/index.php?rest_route=\/wp\/v2\/pages"}],"about":[{"href":"https:\/\/graindesablestudio.fr\/index.php?rest_route=\/wp\/v2\/types\/page"}],"author":[{"embeddable":true,"href":"https:\/\/graindesablestudio.fr\/index.php?rest_route=\/wp\/v2\/users\/1"}],"replies":[{"embeddable":true,"href":"https:\/\/graindesablestudio.fr\/index.php?rest_route=%2Fwp%2Fv2%2Fcomments&post=1587"}],"version-history":[{"count":7,"href":"https:\/\/graindesablestudio.fr\/index.php?rest_route=\/wp\/v2\/pages\/1587\/revisions"}],"predecessor-version":[{"id":1624,"href":"https:\/\/graindesablestudio.fr\/index.php?rest_route=\/wp\/v2\/pages\/1587\/revisions\/1624"}],"wp:attachment":[{"href":"https:\/\/graindesablestudio.fr\/index.php?rest_route=%2Fwp%2Fv2%2Fmedia&parent=1587"}],"curies":[{"name":"wp","href":"https:\/\/api.w.org\/{rel}","templated":true}]}}